{"id":788,"date":"2025-03-25T01:13:17","date_gmt":"2025-03-25T01:13:17","guid":{"rendered":"https:\/\/derechoshumanosyempresas.cl\/REDAR\/?page_id=788"},"modified":"2025-06-27T22:06:49","modified_gmt":"2025-06-28T02:06:49","slug":"quienes-somos","status":"publish","type":"page","link":"https:\/\/derechoshumanosyempresas.cl\/REDAR\/quienes-somos\/","title":{"rendered":"\u00bfQui\u00e9nes somos?"},"content":{"rendered":"\t\t<div data-elementor-type=\"wp-page\" data-elementor-id=\"788\" class=\"elementor elementor-788\">\n\t\t\t\t\t\t<section class=\"elementor-section elementor-top-section elementor-element elementor-element-d2d6a40 elementor-section-height-min-height elementor-section-boxed elementor-section-height-default elementor-section-items-middle\" data-id=\"d2d6a40\" data-element_type=\"section\" data-e-type=\"section\" data-settings=\"{&quot;background_background&quot;:&quot;slideshow&quot;,&quot;background_slideshow_gallery&quot;:[{&quot;id&quot;:816,&quot;url&quot;:&quot;https:\\\/\\\/derechoshumanosyempresas.cl\\\/REDAR\\\/wp-content\\\/uploads\\\/2025\\\/03\\\/Depositphotos_173782490_L.jpg&quot;},{&quot;id&quot;:820,&quot;url&quot;:&quot;https:\\\/\\\/derechoshumanosyempresas.cl\\\/REDAR\\\/wp-content\\\/uploads\\\/2025\\\/03\\\/Depositphotos_338478214_L.jpg&quot;}],&quot;background_slideshow_slide_duration&quot;:2000,&quot;background_slideshow_ken_burns&quot;:&quot;yes&quot;,&quot;background_slideshow_loop&quot;:&quot;yes&quot;,&quot;background_slideshow_slide_transition&quot;:&quot;fade&quot;,&quot;background_slideshow_transition_duration&quot;:500,&quot;background_slideshow_ken_burns_zoom_direction&quot;:&quot;in&quot;}\">\n\t\t\t\t\t\t\t<div class=\"elementor-background-overlay\"><\/div>\n\t\t\t\t\t\t\t<div class=\"elementor-container elementor-column-gap-default\">\n\t\t\t\t\t<div class=\"elementor-column elementor-col-100 elementor-top-column elementor-element elementor-element-146a504\" data-id=\"146a504\" data-element_type=\"column\" data-e-type=\"column\">\n\t\t\t<div class=\"elementor-widget-wrap\">\n\t\t\t\t\t\t\t<\/div>\n\t\t<\/div>\n\t\t\t\t\t<\/div>\n\t\t<\/section>\n\t\t<div class=\"elementor-element elementor-element-879bb79 e-flex e-con-boxed e-con e-parent\" data-id=\"879bb79\" data-element_type=\"container\" data-e-type=\"container\">\n\t\t\t\t\t<div class=\"e-con-inner\">\n\t\t\t\t<div class=\"elementor-element elementor-element-37fb320 elementor-widget elementor-widget-heading\" data-id=\"37fb320\" data-element_type=\"widget\" data-e-type=\"widget\" data-widget_type=\"heading.default\">\n\t\t\t\t<div class=\"elementor-widget-container\">\n\t\t\t\t\t<h2 class=\"elementor-heading-title elementor-size-default\">Quienes Somos<\/h2>\t\t\t\t<\/div>\n\t\t\t\t<\/div>\n\t\t\t\t\t<\/div>\n\t\t\t\t<\/div>\n\t\t<div class=\"elementor-element elementor-element-98ecf0c e-grid e-con-boxed e-con e-parent\" data-id=\"98ecf0c\" data-element_type=\"container\" data-e-type=\"container\">\n\t\t\t\t\t<div class=\"e-con-inner\">\n\t\t\t\t<div class=\"elementor-element elementor-element-c5e0459 elementor-widget elementor-widget-text-editor\" data-id=\"c5e0459\" data-element_type=\"widget\" data-e-type=\"widget\" data-widget_type=\"text-editor.default\">\n\t\t\t\t<div class=\"elementor-widget-container\">\n\t\t\t\t\t\t\t\t\t<p style=\"text-align: justify;\">En <strong>REDAR<\/strong> (Respeto Empresarial, Derechos, Ambiente y Responsabilidad) nos dedicamos a fortalecer la defensa de los derechos humanos en el \u00e1mbito empresarial. Somos una iniciativa co-coordinada por <strong>ONG FIMA, Observatorio Ciudadano y el Centro de Derechos Humanos de la UDP<\/strong>, en estrecha colaboraci\u00f3n con la <strong>Plataforma Chilena de Sociedad Civil sobre Derechos Humanos y Empresas<\/strong>. Nuestro objetivo es articular y capacitar a la sociedad civil para que pueda involucrarse activamente en la defensa de los derechos humanos en el contexto de la actividad empresarial en Chile.<\/p><p>Nuestro proyecto es <strong>cofinanciado por la Uni\u00f3n Europea<\/strong>, en el marco de una convocatoria de la <strong>Delegaci\u00f3n de la Uni\u00f3n Europea en Chile<\/strong> para fortalecer la articulaci\u00f3n de la sociedad civil en materia de derechos humanos. En este contexto, buscamos consolidar los espacios existentes de la sociedad civil organizada y fortalecer las capacidades de comunidades locales en la relaci\u00f3n entre <strong>derechos humanos y empresas<\/strong>.<\/p>\t\t\t\t\t\t\t\t<\/div>\n\t\t\t\t<\/div>\n\t\t\t\t<div class=\"elementor-element elementor-element-96b7ef5 elementor-widget elementor-widget-image\" data-id=\"96b7ef5\" data-element_type=\"widget\" data-e-type=\"widget\" data-widget_type=\"image.default\">\n\t\t\t\t<div class=\"elementor-widget-container\">\n\t\t\t\t\t\t\t\t\t\t\t\t\t\t\t<img fetchpriority=\"high\" decoding=\"async\" width=\"1024\" height=\"684\" src=\"https:\/\/derechoshumanosyempresas.cl\/REDAR\/wp-content\/uploads\/2025\/03\/Depositphotos_338478214_L-1024x684.jpg\" class=\"attachment-large size-large wp-image-820\" alt=\"\" srcset=\"https:\/\/derechoshumanosyempresas.cl\/REDAR\/wp-content\/uploads\/2025\/03\/Depositphotos_338478214_L-1024x684.jpg 1024w, https:\/\/derechoshumanosyempresas.cl\/REDAR\/wp-content\/uploads\/2025\/03\/Depositphotos_338478214_L-300x200.jpg 300w, https:\/\/derechoshumanosyempresas.cl\/REDAR\/wp-content\/uploads\/2025\/03\/Depositphotos_338478214_L-768x513.jpg 768w, https:\/\/derechoshumanosyempresas.cl\/REDAR\/wp-content\/uploads\/2025\/03\/Depositphotos_338478214_L-1536x1025.jpg 1536w, https:\/\/derechoshumanosyempresas.cl\/REDAR\/wp-content\/uploads\/2025\/03\/Depositphotos_338478214_L-1000x668.jpg 1000w, https:\/\/derechoshumanosyempresas.cl\/REDAR\/wp-content\/uploads\/2025\/03\/Depositphotos_338478214_L-230x154.jpg 230w, https:\/\/derechoshumanosyempresas.cl\/REDAR\/wp-content\/uploads\/2025\/03\/Depositphotos_338478214_L-350x234.jpg 350w, https:\/\/derechoshumanosyempresas.cl\/REDAR\/wp-content\/uploads\/2025\/03\/Depositphotos_338478214_L-480x320.jpg 480w, https:\/\/derechoshumanosyempresas.cl\/REDAR\/wp-content\/uploads\/2025\/03\/Depositphotos_338478214_L.jpg 2000w\" sizes=\"(max-width: 1024px) 100vw, 1024px\" \/>\t\t\t\t\t\t\t\t\t\t\t\t\t\t\t<\/div>\n\t\t\t\t<\/div>\n\t\t\t\t\t<\/div>\n\t\t\t\t<\/div>\n\t\t<div class=\"elementor-element elementor-element-506ed72 e-flex e-con-boxed e-con e-parent\" data-id=\"506ed72\" data-element_type=\"container\" data-e-type=\"container\">\n\t\t\t\t\t<div class=\"e-con-inner\">\n\t\t<div class=\"elementor-element elementor-element-56bd3ce e-con-full e-flex e-con e-child\" data-id=\"56bd3ce\" data-element_type=\"container\" data-e-type=\"container\">\n\t\t\t\t<div class=\"elementor-element elementor-element-ea75faf elementor-widget elementor-widget-image\" data-id=\"ea75faf\" data-element_type=\"widget\" data-e-type=\"widget\" data-widget_type=\"image.default\">\n\t\t\t\t<div class=\"elementor-widget-container\">\n\t\t\t\t\t\t\t\t\t\t\t\t\t\t\t<img decoding=\"async\" width=\"1024\" height=\"682\" src=\"https:\/\/derechoshumanosyempresas.cl\/REDAR\/wp-content\/uploads\/2025\/03\/Depositphotos_173782490_L-1024x682.jpg\" class=\"attachment-large size-large wp-image-816\" alt=\"\" srcset=\"https:\/\/derechoshumanosyempresas.cl\/REDAR\/wp-content\/uploads\/2025\/03\/Depositphotos_173782490_L-1024x682.jpg 1024w, https:\/\/derechoshumanosyempresas.cl\/REDAR\/wp-content\/uploads\/2025\/03\/Depositphotos_173782490_L-300x200.jpg 300w, https:\/\/derechoshumanosyempresas.cl\/REDAR\/wp-content\/uploads\/2025\/03\/Depositphotos_173782490_L-768x512.jpg 768w, https:\/\/derechoshumanosyempresas.cl\/REDAR\/wp-content\/uploads\/2025\/03\/Depositphotos_173782490_L-1536x1024.jpg 1536w, https:\/\/derechoshumanosyempresas.cl\/REDAR\/wp-content\/uploads\/2025\/03\/Depositphotos_173782490_L-1000x667.jpg 1000w, https:\/\/derechoshumanosyempresas.cl\/REDAR\/wp-content\/uploads\/2025\/03\/Depositphotos_173782490_L-230x153.jpg 230w, https:\/\/derechoshumanosyempresas.cl\/REDAR\/wp-content\/uploads\/2025\/03\/Depositphotos_173782490_L-350x233.jpg 350w, https:\/\/derechoshumanosyempresas.cl\/REDAR\/wp-content\/uploads\/2025\/03\/Depositphotos_173782490_L-480x320.jpg 480w, https:\/\/derechoshumanosyempresas.cl\/REDAR\/wp-content\/uploads\/2025\/03\/Depositphotos_173782490_L.jpg 2000w\" sizes=\"(max-width: 1024px) 100vw, 1024px\" \/>\t\t\t\t\t\t\t\t\t\t\t\t\t\t\t<\/div>\n\t\t\t\t<\/div>\n\t\t\t\t<\/div>\n\t\t<div class=\"elementor-element elementor-element-164a2c2 e-con-full e-flex e-con e-child\" data-id=\"164a2c2\" data-element_type=\"container\" data-e-type=\"container\">\n\t\t\t\t<div class=\"elementor-element elementor-element-8dd7fc3 elementor-widget elementor-widget-text-editor\" data-id=\"8dd7fc3\" data-element_type=\"widget\" data-e-type=\"widget\" data-widget_type=\"text-editor.default\">\n\t\t\t\t<div class=\"elementor-widget-container\">\n\t\t\t\t\t\t\t\t\t<p style=\"text-align: justify;\">Las organizaciones que co-coordinamos esta iniciativa tenemos un compromiso claro con la justicia ambiental y los derechos humanos:<\/p><p style=\"text-align: justify;\"><strong>FIMA: <\/strong>es una ONG, sin fines de lucro, fundada en 1998, con el objetivo de ser un aporte significativo a la pol\u00edtica, la legislaci\u00f3n y el acceso a la justicia ambiental en Chile. Su misi\u00f3n es promover activamente el derecho a vivir en un medio ambiente sano y velar por la protecci\u00f3n de la naturaleza.<\/p><p style=\"text-align: justify;\"><strong>Centro de Derechos Humanos UDP: <\/strong>Entidad que promueve el estudio en derechos humanos y alberga una cl\u00ednica especializada en litigio de inter\u00e9s p\u00fablico y otra en migraci\u00f3n y refugio. El Centro se ha enfocado en el trabajo de visibilizaci\u00f3n de las vulneraciones a los derechos fundamentales y el estudio y an\u00e1lisis sobre respuestas institucionales a dichas vulneraciones.<\/p><p style=\"text-align: justify;\"><strong>Observatorio Ciudadano: <\/strong>Es una organizaci\u00f3n no gubernamental sin fines de lucro dedicada a la defensa, promoci\u00f3n y documentaci\u00f3n de derechos humanos. Su trabajo busca contribuir a las transformaciones sociales, culturales e institucionales en Chile y en la regi\u00f3n latinoamericana mediante la promoci\u00f3n de una ciudadan\u00eda activa e intercultural.<\/p>\t\t\t\t\t\t\t\t<\/div>\n\t\t\t\t<\/div>\n\t\t\t\t<\/div>\n\t\t\t\t\t<\/div>\n\t\t\t\t<\/div>\n\t\t<div class=\"elementor-element elementor-element-33beb79 e-flex e-con-boxed e-con e-parent\" data-id=\"33beb79\" data-element_type=\"container\" data-e-type=\"container\">\n\t\t\t\t\t<div class=\"e-con-inner\">\n\t\t<div class=\"elementor-element elementor-element-3101ba4 e-con-full e-flex e-con e-child\" data-id=\"3101ba4\" data-element_type=\"container\" data-e-type=\"container\">\n\t\t\t\t<div class=\"elementor-element elementor-element-aa6e8b5 elementor-widget elementor-widget-image\" data-id=\"aa6e8b5\" data-element_type=\"widget\" data-e-type=\"widget\" data-widget_type=\"image.default\">\n\t\t\t\t<div class=\"elementor-widget-container\">\n\t\t\t\t\t\t\t\t\t\t\t\t\t\t\t<img decoding=\"async\" width=\"300\" height=\"300\" src=\"https:\/\/derechoshumanosyempresas.cl\/REDAR\/wp-content\/uploads\/2025\/06\/u-europea-2025-redar.jpg\" class=\"attachment-large size-large wp-image-992\" alt=\"\" srcset=\"https:\/\/derechoshumanosyempresas.cl\/REDAR\/wp-content\/uploads\/2025\/06\/u-europea-2025-redar.jpg 300w, https:\/\/derechoshumanosyempresas.cl\/REDAR\/wp-content\/uploads\/2025\/06\/u-europea-2025-redar-150x150.jpg 150w, https:\/\/derechoshumanosyempresas.cl\/REDAR\/wp-content\/uploads\/2025\/06\/u-europea-2025-redar-230x230.jpg 230w\" sizes=\"(max-width: 300px) 100vw, 300px\" \/>\t\t\t\t\t\t\t\t\t\t\t\t\t\t\t<\/div>\n\t\t\t\t<\/div>\n\t\t\t\t<\/div>\n\t\t<div class=\"elementor-element elementor-element-b736e45 e-con-full e-flex e-con e-child\" data-id=\"b736e45\" data-element_type=\"container\" data-e-type=\"container\">\n\t\t\t\t<div class=\"elementor-element elementor-element-05c2003 elementor-widget elementor-widget-image\" data-id=\"05c2003\" data-element_type=\"widget\" data-e-type=\"widget\" data-widget_type=\"image.default\">\n\t\t\t\t<div class=\"elementor-widget-container\">\n\t\t\t\t\t\t\t\t\t\t\t\t\t\t\t<img loading=\"lazy\" decoding=\"async\" width=\"300\" height=\"300\" src=\"https:\/\/derechoshumanosyempresas.cl\/REDAR\/wp-content\/uploads\/2025\/06\/observatorio-2-2025-redar.jpg\" class=\"attachment-full size-full wp-image-994\" alt=\"\" srcset=\"https:\/\/derechoshumanosyempresas.cl\/REDAR\/wp-content\/uploads\/2025\/06\/observatorio-2-2025-redar.jpg 300w, https:\/\/derechoshumanosyempresas.cl\/REDAR\/wp-content\/uploads\/2025\/06\/observatorio-2-2025-redar-150x150.jpg 150w, https:\/\/derechoshumanosyempresas.cl\/REDAR\/wp-content\/uploads\/2025\/06\/observatorio-2-2025-redar-230x230.jpg 230w\" sizes=\"(max-width: 300px) 100vw, 300px\" \/>\t\t\t\t\t\t\t\t\t\t\t\t\t\t\t<\/div>\n\t\t\t\t<\/div>\n\t\t\t\t<\/div>\n\t\t<div class=\"elementor-element elementor-element-d9a440d e-con-full e-flex e-con e-child\" data-id=\"d9a440d\" data-element_type=\"container\" data-e-type=\"container\">\n\t\t\t\t<div class=\"elementor-element elementor-element-c3fa423 elementor-widget elementor-widget-image\" data-id=\"c3fa423\" data-element_type=\"widget\" data-e-type=\"widget\" data-widget_type=\"image.default\">\n\t\t\t\t<div class=\"elementor-widget-container\">\n\t\t\t\t\t\t\t\t\t\t\t\t\t\t\t<img loading=\"lazy\" decoding=\"async\" width=\"300\" height=\"300\" src=\"https:\/\/derechoshumanosyempresas.cl\/REDAR\/wp-content\/uploads\/2025\/06\/centro-ddhh-2025-redar.jpg\" class=\"attachment-large size-large wp-image-989\" alt=\"\" srcset=\"https:\/\/derechoshumanosyempresas.cl\/REDAR\/wp-content\/uploads\/2025\/06\/centro-ddhh-2025-redar.jpg 300w, https:\/\/derechoshumanosyempresas.cl\/REDAR\/wp-content\/uploads\/2025\/06\/centro-ddhh-2025-redar-150x150.jpg 150w, https:\/\/derechoshumanosyempresas.cl\/REDAR\/wp-content\/uploads\/2025\/06\/centro-ddhh-2025-redar-230x230.jpg 230w\" sizes=\"(max-width: 300px) 100vw, 300px\" \/>\t\t\t\t\t\t\t\t\t\t\t\t\t\t\t<\/div>\n\t\t\t\t<\/div>\n\t\t\t\t<\/div>\n\t\t<div class=\"elementor-element elementor-element-82796b3 e-con-full e-flex e-con e-child\" data-id=\"82796b3\" data-element_type=\"container\" data-e-type=\"container\">\n\t\t\t\t<div class=\"elementor-element elementor-element-c5d8970 elementor-widget elementor-widget-image\" data-id=\"c5d8970\" data-element_type=\"widget\" data-e-type=\"widget\" data-widget_type=\"image.default\">\n\t\t\t\t<div class=\"elementor-widget-container\">\n\t\t\t\t\t\t\t\t\t\t\t\t\t\t\t<img loading=\"lazy\" decoding=\"async\" width=\"300\" height=\"300\" src=\"https:\/\/derechoshumanosyempresas.cl\/REDAR\/wp-content\/uploads\/2025\/06\/fima-2-2025-redar.jpg\" class=\"attachment-large size-large wp-image-993\" alt=\"\" srcset=\"https:\/\/derechoshumanosyempresas.cl\/REDAR\/wp-content\/uploads\/2025\/06\/fima-2-2025-redar.jpg 300w, https:\/\/derechoshumanosyempresas.cl\/REDAR\/wp-content\/uploads\/2025\/06\/fima-2-2025-redar-150x150.jpg 150w, https:\/\/derechoshumanosyempresas.cl\/REDAR\/wp-content\/uploads\/2025\/06\/fima-2-2025-redar-230x230.jpg 230w\" sizes=\"(max-width: 300px) 100vw, 300px\" \/>\t\t\t\t\t\t\t\t\t\t\t\t\t\t\t<\/div>\n\t\t\t\t<\/div>\n\t\t\t\t<\/div>\n\t\t\t\t\t<\/div>\n\t\t\t\t<\/div>\n\t\t<div class=\"elementor-element elementor-element-20dc066 e-flex e-con-boxed e-con e-parent\" data-id=\"20dc066\" data-element_type=\"container\" data-e-type=\"container\">\n\t\t\t\t\t<div class=\"e-con-inner\">\n\t\t<div class=\"elementor-element elementor-element-bbcaa59 e-con-full e-flex e-con e-child\" data-id=\"bbcaa59\" data-element_type=\"container\" data-e-type=\"container\">\n\t\t\t\t<\/div>\n\t\t<div class=\"elementor-element elementor-element-b69f665 e-con-full e-flex e-con e-child\" data-id=\"b69f665\" data-element_type=\"container\" data-e-type=\"container\">\n\t\t\t\t<div class=\"elementor-element elementor-element-b3c73d7 elementor-widget elementor-widget-image\" data-id=\"b3c73d7\" data-element_type=\"widget\" data-e-type=\"widget\" data-widget_type=\"image.default\">\n\t\t\t\t<div class=\"elementor-widget-container\">\n\t\t\t\t\t\t\t\t\t\t\t\t\t\t\t<img loading=\"lazy\" decoding=\"async\" width=\"450\" height=\"103\" src=\"https:\/\/derechoshumanosyempresas.cl\/REDAR\/wp-content\/uploads\/2025\/03\/logo02.png\" class=\"attachment-large size-large wp-image-960\" alt=\"\" srcset=\"https:\/\/derechoshumanosyempresas.cl\/REDAR\/wp-content\/uploads\/2025\/03\/logo02.png 450w, https:\/\/derechoshumanosyempresas.cl\/REDAR\/wp-content\/uploads\/2025\/03\/logo02-300x69.png 300w, https:\/\/derechoshumanosyempresas.cl\/REDAR\/wp-content\/uploads\/2025\/03\/logo02-230x53.png 230w, https:\/\/derechoshumanosyempresas.cl\/REDAR\/wp-content\/uploads\/2025\/03\/logo02-350x80.png 350w\" sizes=\"(max-width: 450px) 100vw, 450px\" \/>\t\t\t\t\t\t\t\t\t\t\t\t\t\t\t<\/div>\n\t\t\t\t<\/div>\n\t\t\t\t<\/div>\n\t\t<div class=\"elementor-element elementor-element-c13b278 e-con-full e-flex e-con e-child\" data-id=\"c13b278\" data-element_type=\"container\" data-e-type=\"container\">\n\t\t\t\t<\/div>\n\t\t\t\t\t<\/div>\n\t\t\t\t<\/div>\n\t\t\t\t<\/div>\n\t\t","protected":false},"excerpt":{"rendered":"<p>Quienes Somos En REDAR (Respeto Empresarial, Derechos, Ambiente y Responsabilidad) nos dedicamos a fortalecer la defensa de los derechos humanos en el [&hellip;]<\/p>\n","protected":false},"author":1,"featured_media":0,"parent":0,"menu_order":0,"comment_status":"closed","ping_status":"closed","template":"page-templates\/page_front-page.php","meta":{"footnotes":""},"class_list":["post-788","page","type-page","status-publish","hentry"],"_links":{"self":[{"href":"https:\/\/derechoshumanosyempresas.cl\/REDAR\/wp-json\/wp\/v2\/pages\/788","targetHints":{"allow":["GET"]}}],"collection":[{"href":"https:\/\/derechoshumanosyempresas.cl\/REDAR\/wp-json\/wp\/v2\/pages"}],"about":[{"href":"https:\/\/derechoshumanosyempresas.cl\/REDAR\/wp-json\/wp\/v2\/types\/page"}],"author":[{"embeddable":true,"href":"https:\/\/derechoshumanosyempresas.cl\/REDAR\/wp-json\/wp\/v2\/users\/1"}],"replies":[{"embeddable":true,"href":"https:\/\/derechoshumanosyempresas.cl\/REDAR\/wp-json\/wp\/v2\/comments?post=788"}],"version-history":[{"count":57,"href":"https:\/\/derechoshumanosyempresas.cl\/REDAR\/wp-json\/wp\/v2\/pages\/788\/revisions"}],"predecessor-version":[{"id":1271,"href":"https:\/\/derechoshumanosyempresas.cl\/REDAR\/wp-json\/wp\/v2\/pages\/788\/revisions\/1271"}],"wp:attachment":[{"href":"https:\/\/derechoshumanosyempresas.cl\/REDAR\/wp-json\/wp\/v2\/media?parent=788"}],"curies":[{"name":"wp","href":"https:\/\/api.w.org\/{rel}","templated":true}]}}