{"id":741,"date":"2021-10-29T08:15:42","date_gmt":"2021-10-29T08:15:42","guid":{"rendered":"https:\/\/demo.athemes.com\/sydney-main\/?page_id=5"},"modified":"2025-10-21T15:05:04","modified_gmt":"2025-10-21T19:05:04","slug":"my-front-page","status":"publish","type":"page","link":"https:\/\/derechoshumanosyempresas.cl\/REDAR\/","title":{"rendered":"My front page"},"content":{"rendered":"\t\t<div data-elementor-type=\"wp-page\" data-elementor-id=\"741\" class=\"elementor elementor-741\">\n\t\t\t\t\t\t<section class=\"elementor-section elementor-top-section elementor-element elementor-element-55fef1c elementor-section-boxed elementor-section-height-default elementor-section-height-default\" data-id=\"55fef1c\" data-element_type=\"section\" data-e-type=\"section\" data-settings=\"{&quot;background_background&quot;:&quot;slideshow&quot;,&quot;background_slideshow_gallery&quot;:[{&quot;id&quot;:816,&quot;url&quot;:&quot;https:\\\/\\\/derechoshumanosyempresas.cl\\\/REDAR\\\/wp-content\\\/uploads\\\/2025\\\/03\\\/Depositphotos_173782490_L.jpg&quot;},{&quot;id&quot;:820,&quot;url&quot;:&quot;https:\\\/\\\/derechoshumanosyempresas.cl\\\/REDAR\\\/wp-content\\\/uploads\\\/2025\\\/03\\\/Depositphotos_338478214_L.jpg&quot;}],&quot;background_slideshow_slide_duration&quot;:2000,&quot;background_slideshow_ken_burns&quot;:&quot;yes&quot;,&quot;background_slideshow_loop&quot;:&quot;yes&quot;,&quot;background_slideshow_slide_transition&quot;:&quot;fade&quot;,&quot;background_slideshow_transition_duration&quot;:500,&quot;background_slideshow_ken_burns_zoom_direction&quot;:&quot;in&quot;}\">\n\t\t\t\t\t\t\t<div class=\"elementor-background-overlay\"><\/div>\n\t\t\t\t\t\t\t<div class=\"elementor-container elementor-column-gap-default\">\n\t\t\t\t\t<div class=\"elementor-column elementor-col-100 elementor-top-column elementor-element elementor-element-7a87d59\" data-id=\"7a87d59\" data-element_type=\"column\" data-e-type=\"column\">\n\t\t\t<div class=\"elementor-widget-wrap elementor-element-populated\">\n\t\t\t\t\t\t<section class=\"elementor-section elementor-inner-section elementor-element elementor-element-9b14d33 elementor-section-boxed elementor-section-height-default elementor-section-height-default\" data-id=\"9b14d33\" data-element_type=\"section\" data-e-type=\"section\">\n\t\t\t\t\t\t<div class=\"elementor-container elementor-column-gap-no\">\n\t\t\t\t\t<div class=\"elementor-column elementor-col-33 elementor-inner-column elementor-element elementor-element-dbe7de2\" data-id=\"dbe7de2\" data-element_type=\"column\" data-e-type=\"column\">\n\t\t\t<div class=\"elementor-widget-wrap\">\n\t\t\t\t\t\t\t<\/div>\n\t\t<\/div>\n\t\t\t\t<div class=\"elementor-column elementor-col-33 elementor-inner-column elementor-element elementor-element-440f727\" data-id=\"440f727\" data-element_type=\"column\" data-e-type=\"column\">\n\t\t\t<div class=\"elementor-widget-wrap elementor-element-populated\">\n\t\t\t\t\t\t<div class=\"elementor-element elementor-element-a0b84ee elementor-widget elementor-widget-spacer\" data-id=\"a0b84ee\" data-element_type=\"widget\" data-e-type=\"widget\" data-widget_type=\"spacer.default\">\n\t\t\t\t<div class=\"elementor-widget-container\">\n\t\t\t\t\t\t\t<div class=\"elementor-spacer\">\n\t\t\t<div class=\"elementor-spacer-inner\"><\/div>\n\t\t<\/div>\n\t\t\t\t\t\t<\/div>\n\t\t\t\t<\/div>\n\t\t\t\t<div class=\"elementor-element elementor-element-d787a31 elementor-widget__width-auto elementor-widget elementor-widget-heading\" data-id=\"d787a31\" data-element_type=\"widget\" data-e-type=\"widget\" data-widget_type=\"heading.default\">\n\t\t\t\t<div class=\"elementor-widget-container\">\n\t\t\t\t\t<h2 class=\"elementor-heading-title elementor-size-default\">Respeto Empresarial, Derechos, Ambiente y Responsabilidad<\/h2>\t\t\t\t<\/div>\n\t\t\t\t<\/div>\n\t\t\t\t<div class=\"elementor-element elementor-element-8e33344 elementor-widget elementor-widget-text-editor\" data-id=\"8e33344\" data-element_type=\"widget\" data-e-type=\"widget\" data-widget_type=\"text-editor.default\">\n\t\t\t\t<div class=\"elementor-widget-container\">\n\t\t\t\t\t\t\t\t\t<p style=\"text-align: center;\">Somos una iniciativa co-coordinada por <strong>ONG FIMA, Observatorio Ciudadano y el Centro de Derechos Humanos de la UDP<\/strong>, en estrecha colaboraci\u00f3n con la <strong>Plataforma Chilena de Sociedad Civil sobre Derechos Humanos y Empresas<\/strong>.<\/p>\t\t\t\t\t\t\t\t<\/div>\n\t\t\t\t<\/div>\n\t\t\t\t\t<\/div>\n\t\t<\/div>\n\t\t\t\t<div class=\"elementor-column elementor-col-33 elementor-inner-column elementor-element elementor-element-9e6021b\" data-id=\"9e6021b\" data-element_type=\"column\" data-e-type=\"column\">\n\t\t\t<div class=\"elementor-widget-wrap\">\n\t\t\t\t\t\t\t<\/div>\n\t\t<\/div>\n\t\t\t\t\t<\/div>\n\t\t<\/section>\n\t\t\t\t<section class=\"elementor-section elementor-inner-section elementor-element elementor-element-74ebee1 elementor-section-boxed elementor-section-height-default elementor-section-height-default\" data-id=\"74ebee1\" data-element_type=\"section\" data-e-type=\"section\">\n\t\t\t\t\t\t<div class=\"elementor-container elementor-column-gap-no\">\n\t\t\t\t\t<div class=\"elementor-column elementor-col-100 elementor-inner-column elementor-element elementor-element-f07fbd9\" data-id=\"f07fbd9\" data-element_type=\"column\" data-e-type=\"column\">\n\t\t\t<div class=\"elementor-widget-wrap elementor-element-populated\">\n\t\t\t\t\t\t<div class=\"elementor-element elementor-element-8bb03ca elementor-align-center elementor-mobile-align-center elementor-widget elementor-widget-button\" data-id=\"8bb03ca\" data-element_type=\"widget\" data-e-type=\"widget\" data-widget_type=\"button.default\">\n\t\t\t\t<div class=\"elementor-widget-container\">\n\t\t\t\t\t\t\t\t\t<div class=\"elementor-button-wrapper\">\n\t\t\t\t\t<a class=\"elementor-button elementor-button-link elementor-size-sm\" href=\"https:\/\/derechoshumanosyempresas.cl\/REDAR\/wp-content\/uploads\/2025\/03\/Proyecto-REDAR.pdf\" target=\"_blank\">\n\t\t\t\t\t\t<span class=\"elementor-button-content-wrapper\">\n\t\t\t\t\t\t\t\t\t<span class=\"elementor-button-text\">El PROYECTO<\/span>\n\t\t\t\t\t<\/span>\n\t\t\t\t\t<\/a>\n\t\t\t\t<\/div>\n\t\t\t\t\t\t\t\t<\/div>\n\t\t\t\t<\/div>\n\t\t\t\t<div class=\"elementor-element elementor-element-ea9346c elementor-widget elementor-widget-spacer\" data-id=\"ea9346c\" data-element_type=\"widget\" data-e-type=\"widget\" data-widget_type=\"spacer.default\">\n\t\t\t\t<div class=\"elementor-widget-container\">\n\t\t\t\t\t\t\t<div class=\"elementor-spacer\">\n\t\t\t<div class=\"elementor-spacer-inner\"><\/div>\n\t\t<\/div>\n\t\t\t\t\t\t<\/div>\n\t\t\t\t<\/div>\n\t\t\t\t\t<\/div>\n\t\t<\/div>\n\t\t\t\t\t<\/div>\n\t\t<\/section>\n\t\t\t\t\t<\/div>\n\t\t<\/div>\n\t\t\t\t\t<\/div>\n\t\t<\/section>\n\t\t<div class=\"elementor-element elementor-element-a416ed6 e-flex e-con-boxed e-con e-parent\" data-id=\"a416ed6\" data-element_type=\"container\" data-e-type=\"container\" data-settings=\"{&quot;background_background&quot;:&quot;gradient&quot;}\">\n\t\t\t\t\t<div class=\"e-con-inner\">\n\t\t<div class=\"elementor-element elementor-element-e4d20f7 e-con-full e-flex e-con e-child\" data-id=\"e4d20f7\" data-element_type=\"container\" data-e-type=\"container\">\n\t\t\t\t<div class=\"elementor-element elementor-element-fb2ae4d elementor-widget elementor-widget-spacer\" data-id=\"fb2ae4d\" data-element_type=\"widget\" data-e-type=\"widget\" data-widget_type=\"spacer.default\">\n\t\t\t\t<div class=\"elementor-widget-container\">\n\t\t\t\t\t\t\t<div class=\"elementor-spacer\">\n\t\t\t<div class=\"elementor-spacer-inner\"><\/div>\n\t\t<\/div>\n\t\t\t\t\t\t<\/div>\n\t\t\t\t<\/div>\n\t\t\t\t<\/div>\n\t\t<div class=\"elementor-element elementor-element-95b4d46 e-con-full e-flex e-con e-child\" data-id=\"95b4d46\" data-element_type=\"container\" data-e-type=\"container\" data-settings=\"{&quot;background_background&quot;:&quot;classic&quot;}\">\n\t\t\t\t<div class=\"elementor-element elementor-element-05aaa92 e-n-tabs-mobile elementor-widget elementor-widget-n-tabs\" data-id=\"05aaa92\" data-element_type=\"widget\" data-e-type=\"widget\" data-settings=\"{&quot;tabs_justify_horizontal&quot;:&quot;stretch&quot;,&quot;horizontal_scroll&quot;:&quot;disable&quot;}\" data-widget_type=\"nested-tabs.default\">\n\t\t\t\t<div class=\"elementor-widget-container\">\n\t\t\t\t\t\t\t<div class=\"e-n-tabs\" data-widget-number=\"5941906\" aria-label=\"Pesta\u00f1as. Abre elementos con Intro o Espacio, ci\u00e9rralos con Escape y navega con las fechas.\">\n\t\t\t<div class=\"e-n-tabs-heading\" role=\"tablist\">\n\t\t\t\t\t<button id=\"e-n-tab-title-59419061\" data-tab-title-id=\"e-n-tab-title-59419061\" class=\"e-n-tab-title\" aria-selected=\"true\" data-tab-index=\"1\" role=\"tab\" tabindex=\"0\" aria-controls=\"e-n-tab-content-59419061\" style=\"--n-tabs-title-order: 1;\">\n\t\t\t\t\t\t<span class=\"e-n-tab-title-text\">\n\t\t\t\tQuienes Somos\t\t\t<\/span>\n\t\t<\/button>\n\t\t\t\t<button id=\"e-n-tab-title-59419062\" data-tab-title-id=\"e-n-tab-title-59419062\" class=\"e-n-tab-title\" aria-selected=\"false\" data-tab-index=\"2\" role=\"tab\" tabindex=\"-1\" aria-controls=\"e-n-tab-content-59419062\" style=\"--n-tabs-title-order: 2;\">\n\t\t\t\t\t\t<span class=\"e-n-tab-title-text\">\n\t\t\t\tIncidencia\t\t\t<\/span>\n\t\t<\/button>\n\t\t\t\t<button id=\"e-n-tab-title-59419063\" data-tab-title-id=\"e-n-tab-title-59419063\" class=\"e-n-tab-title\" aria-selected=\"false\" data-tab-index=\"3\" role=\"tab\" tabindex=\"-1\" aria-controls=\"e-n-tab-content-59419063\" style=\"--n-tabs-title-order: 3;\">\n\t\t\t\t\t\t<span class=\"e-n-tab-title-text\">\n\t\t\t\t\u00bfD\u00f3nde es nuestra intervenci\u00f3n?\t\t\t<\/span>\n\t\t<\/button>\n\t\t\t\t<button id=\"e-n-tab-title-59419064\" data-tab-title-id=\"e-n-tab-title-59419064\" class=\"e-n-tab-title\" aria-selected=\"false\" data-tab-index=\"4\" role=\"tab\" tabindex=\"-1\" aria-controls=\"e-n-tab-content-59419064\" style=\"--n-tabs-title-order: 4;\">\n\t\t\t\t\t\t<span class=\"e-n-tab-title-text\">\n\t\t\t\t\u00bfQu\u00e9 esperamos con nuestra intervenci\u00f3n?\t\t\t<\/span>\n\t\t<\/button>\n\t\t\t\t\t<\/div>\n\t\t\t<div class=\"e-n-tabs-content\">\n\t\t\t\t<div id=\"e-n-tab-content-59419061\" role=\"tabpanel\" aria-labelledby=\"e-n-tab-title-59419061\" data-tab-index=\"1\" style=\"--n-tabs-title-order: 1;\" class=\"e-active elementor-element elementor-element-770fe26 e-con-full e-flex e-con e-child\" data-id=\"770fe26\" data-element_type=\"container\" data-e-type=\"container\">\n\t\t<div class=\"elementor-element elementor-element-a7b598b e-con-full e-flex e-con e-child\" data-id=\"a7b598b\" data-element_type=\"container\" data-e-type=\"container\">\n\t\t<div class=\"elementor-element elementor-element-af9cc2e e-con-full e-flex e-con e-child\" data-id=\"af9cc2e\" data-element_type=\"container\" data-e-type=\"container\">\n\t\t\t\t<div class=\"elementor-element elementor-element-1120c29 elementor-widget elementor-widget-text-editor\" data-id=\"1120c29\" data-element_type=\"widget\" data-e-type=\"widget\" data-widget_type=\"text-editor.default\">\n\t\t\t\t<div class=\"elementor-widget-container\">\n\t\t\t\t\t\t\t\t\t<p style=\"text-align: left;\">En\u00a0<strong>REDAR<\/strong>\u00a0(Respeto Empresarial, Derechos, Ambiente y Responsabilidad) trabajamos por fortalecer la defensa de los\u00a0<strong>derechos humanos frente a las actividades empresariales.<\/strong><\/p><p style=\"text-align: left;\">Somos una iniciativa co-coordinada por <strong>ONG FIMA,<\/strong> el <strong>Observatorio Ciudadano<\/strong> y el <strong>Centro de Derechos Humanos de la UDP,<\/strong> junto a la <strong>Plataforma Chilena de Sociedad Civil sobre Derechos Humanos y Empresas.<\/strong><\/p><p style=\"text-align: left;\">Buscamos <strong>articular y capacitar a la sociedad civil<\/strong> para promover una participaci\u00f3n activa en la protecci\u00f3n de los derechos humanos en el contexto empresarial en Chile.<\/p>\t\t\t\t\t\t\t\t<\/div>\n\t\t\t\t<\/div>\n\t\t\t\t<\/div>\n\t\t<div class=\"elementor-element elementor-element-b5bc6e4 e-con-full e-flex e-con e-child\" data-id=\"b5bc6e4\" data-element_type=\"container\" data-e-type=\"container\">\n\t\t\t\t<div class=\"elementor-element elementor-element-7ad27d9 elementor-widget elementor-widget-image\" data-id=\"7ad27d9\" data-element_type=\"widget\" data-e-type=\"widget\" data-widget_type=\"image.default\">\n\t\t\t\t<div class=\"elementor-widget-container\">\n\t\t\t\t\t\t\t\t\t\t\t\t\t\t\t<img fetchpriority=\"high\" decoding=\"async\" width=\"2000\" height=\"1333\" src=\"https:\/\/derechoshumanosyempresas.cl\/REDAR\/wp-content\/uploads\/2025\/03\/Depositphotos_173782490_L.jpg\" class=\"attachment-full size-full wp-image-816\" alt=\"\" srcset=\"https:\/\/derechoshumanosyempresas.cl\/REDAR\/wp-content\/uploads\/2025\/03\/Depositphotos_173782490_L.jpg 2000w, https:\/\/derechoshumanosyempresas.cl\/REDAR\/wp-content\/uploads\/2025\/03\/Depositphotos_173782490_L-300x200.jpg 300w, https:\/\/derechoshumanosyempresas.cl\/REDAR\/wp-content\/uploads\/2025\/03\/Depositphotos_173782490_L-1024x682.jpg 1024w, https:\/\/derechoshumanosyempresas.cl\/REDAR\/wp-content\/uploads\/2025\/03\/Depositphotos_173782490_L-768x512.jpg 768w, https:\/\/derechoshumanosyempresas.cl\/REDAR\/wp-content\/uploads\/2025\/03\/Depositphotos_173782490_L-1536x1024.jpg 1536w, https:\/\/derechoshumanosyempresas.cl\/REDAR\/wp-content\/uploads\/2025\/03\/Depositphotos_173782490_L-1000x667.jpg 1000w, https:\/\/derechoshumanosyempresas.cl\/REDAR\/wp-content\/uploads\/2025\/03\/Depositphotos_173782490_L-230x153.jpg 230w, https:\/\/derechoshumanosyempresas.cl\/REDAR\/wp-content\/uploads\/2025\/03\/Depositphotos_173782490_L-350x233.jpg 350w, https:\/\/derechoshumanosyempresas.cl\/REDAR\/wp-content\/uploads\/2025\/03\/Depositphotos_173782490_L-480x320.jpg 480w\" sizes=\"(max-width: 2000px) 100vw, 2000px\" \/>\t\t\t\t\t\t\t\t\t\t\t\t\t\t\t<\/div>\n\t\t\t\t<\/div>\n\t\t\t\t<\/div>\n\t\t\t\t<\/div>\n\t\t<div class=\"elementor-element elementor-element-4792bcd e-con-full e-flex e-con e-child\" data-id=\"4792bcd\" data-element_type=\"container\" data-e-type=\"container\">\n\t\t<div class=\"elementor-element elementor-element-76e507e e-con-full e-flex e-con e-child\" data-id=\"76e507e\" data-element_type=\"container\" data-e-type=\"container\">\n\t\t\t\t<div class=\"elementor-element elementor-element-ebc8c8f elementor-widget elementor-widget-n-accordion\" data-id=\"ebc8c8f\" data-element_type=\"widget\" data-e-type=\"widget\" data-settings=\"{&quot;default_state&quot;:&quot;all_collapsed&quot;,&quot;max_items_expended&quot;:&quot;one&quot;,&quot;n_accordion_animation_duration&quot;:{&quot;unit&quot;:&quot;ms&quot;,&quot;size&quot;:400,&quot;sizes&quot;:[]}}\" data-widget_type=\"nested-accordion.default\">\n\t\t\t\t<div class=\"elementor-widget-container\">\n\t\t\t\t\t\t\t<div class=\"e-n-accordion\" aria-label=\"Accordion. Open links with Enter or Space, close with Escape, and navigate with Arrow Keys\">\n\t\t\t\t\t\t<details id=\"e-n-accordion-item-2470\" class=\"e-n-accordion-item\" >\n\t\t\t\t<summary class=\"e-n-accordion-item-title\" data-accordion-index=\"1\" tabindex=\"0\" aria-expanded=\"false\" aria-controls=\"e-n-accordion-item-2470\" >\n\t\t\t\t\t<span class='e-n-accordion-item-title-header'><div class=\"e-n-accordion-item-title-text\"> Financiamiento y prop\u00f3sito <\/div><\/span>\n\t\t\t\t\t\t\t<span class='e-n-accordion-item-title-icon'>\n\t\t\t<span class='e-opened' ><svg aria-hidden=\"true\" class=\"e-font-icon-svg e-fas-minus\" viewBox=\"0 0 448 512\" xmlns=\"http:\/\/www.w3.org\/2000\/svg\"><path d=\"M416 208H32c-17.67 0-32 14.33-32 32v32c0 17.67 14.33 32 32 32h384c17.67 0 32-14.33 32-32v-32c0-17.67-14.33-32-32-32z\"><\/path><\/svg><\/span>\n\t\t\t<span class='e-closed'><svg aria-hidden=\"true\" class=\"e-font-icon-svg e-fas-plus\" viewBox=\"0 0 448 512\" xmlns=\"http:\/\/www.w3.org\/2000\/svg\"><path d=\"M416 208H272V64c0-17.67-14.33-32-32-32h-32c-17.67 0-32 14.33-32 32v144H32c-17.67 0-32 14.33-32 32v32c0 17.67 14.33 32 32 32h144v144c0 17.67 14.33 32 32 32h32c17.67 0 32-14.33 32-32V304h144c17.67 0 32-14.33 32-32v-32c0-17.67-14.33-32-32-32z\"><\/path><\/svg><\/span>\n\t\t<\/span>\n\n\t\t\t\t\t\t<\/summary>\n\t\t\t\t<div role=\"region\" aria-labelledby=\"e-n-accordion-item-2470\" class=\"elementor-element elementor-element-dd55021 e-con-full e-flex e-con e-child\" data-id=\"dd55021\" data-element_type=\"container\" data-e-type=\"container\">\n\t\t<div role=\"region\" aria-labelledby=\"e-n-accordion-item-2470\" class=\"elementor-element elementor-element-48910f8 e-flex e-con-boxed e-con e-child\" data-id=\"48910f8\" data-element_type=\"container\" data-e-type=\"container\">\n\t\t\t\t\t<div class=\"e-con-inner\">\n\t\t\t\t<div class=\"elementor-element elementor-element-d953b1e elementor-widget elementor-widget-text-editor\" data-id=\"d953b1e\" data-element_type=\"widget\" data-e-type=\"widget\" data-widget_type=\"text-editor.default\">\n\t\t\t\t<div class=\"elementor-widget-container\">\n\t\t\t\t\t\t\t\t\t<ul><li>Nuestro proyecto es cofinanciado por la <strong>Uni\u00f3n Europea,<\/strong> en el marco de una convocatoria de la Delegaci\u00f3n de la UE en Chile destinada a fortalecer la articulaci\u00f3n de la sociedad civil en materia de derechos humanos. Buscamos consolidar espacios de participaci\u00f3n y fortalecer las capacidades de comunidades locales en la relaci\u00f3n entre derechos humanos y empresas.<\/li><\/ul>\t\t\t\t\t\t\t\t<\/div>\n\t\t\t\t<\/div>\n\t\t\t\t\t<\/div>\n\t\t\t\t<\/div>\n\t\t\t\t<\/div>\n\t\t\t\t\t<\/details>\n\t\t\t\t\t\t<details id=\"e-n-accordion-item-2471\" class=\"e-n-accordion-item\" >\n\t\t\t\t<summary class=\"e-n-accordion-item-title\" data-accordion-index=\"2\" tabindex=\"-1\" aria-expanded=\"false\" aria-controls=\"e-n-accordion-item-2471\" >\n\t\t\t\t\t<span class='e-n-accordion-item-title-header'><div class=\"e-n-accordion-item-title-text\"> Organizaciones co-coordinadoras <\/div><\/span>\n\t\t\t\t\t\t\t<span class='e-n-accordion-item-title-icon'>\n\t\t\t<span class='e-opened' ><svg aria-hidden=\"true\" class=\"e-font-icon-svg e-fas-minus\" viewBox=\"0 0 448 512\" xmlns=\"http:\/\/www.w3.org\/2000\/svg\"><path d=\"M416 208H32c-17.67 0-32 14.33-32 32v32c0 17.67 14.33 32 32 32h384c17.67 0 32-14.33 32-32v-32c0-17.67-14.33-32-32-32z\"><\/path><\/svg><\/span>\n\t\t\t<span class='e-closed'><svg aria-hidden=\"true\" class=\"e-font-icon-svg e-fas-plus\" viewBox=\"0 0 448 512\" xmlns=\"http:\/\/www.w3.org\/2000\/svg\"><path d=\"M416 208H272V64c0-17.67-14.33-32-32-32h-32c-17.67 0-32 14.33-32 32v144H32c-17.67 0-32 14.33-32 32v32c0 17.67 14.33 32 32 32h144v144c0 17.67 14.33 32 32 32h32c17.67 0 32-14.33 32-32V304h144c17.67 0 32-14.33 32-32v-32c0-17.67-14.33-32-32-32z\"><\/path><\/svg><\/span>\n\t\t<\/span>\n\n\t\t\t\t\t\t<\/summary>\n\t\t\t\t<div role=\"region\" aria-labelledby=\"e-n-accordion-item-2471\" class=\"elementor-element elementor-element-655a02a e-con-full e-flex e-con e-child\" data-id=\"655a02a\" data-element_type=\"container\" data-e-type=\"container\">\n\t\t<div role=\"region\" aria-labelledby=\"e-n-accordion-item-2471\" class=\"elementor-element elementor-element-2fb4100 e-flex e-con-boxed e-con e-child\" data-id=\"2fb4100\" data-element_type=\"container\" data-e-type=\"container\">\n\t\t\t\t\t<div class=\"e-con-inner\">\n\t\t\t\t<div class=\"elementor-element elementor-element-ff8f53e elementor-widget elementor-widget-text-editor\" data-id=\"ff8f53e\" data-element_type=\"widget\" data-e-type=\"widget\" data-widget_type=\"text-editor.default\">\n\t\t\t\t<div class=\"elementor-widget-container\">\n\t\t\t\t\t\t\t\t\t<ul>\n \t<li><strong>ONG FIMA:<\/strong> es una ONG, sin fines de lucro, fundada en 1998, con el objetivo de ser un aporte significativo a la pol\u00edtica, la legislaci\u00f3n y el acceso a la justicia ambiental en Chile. Su misi\u00f3n es promover activamente el derecho a vivir en un medio ambiente sano y velar por la protecci\u00f3n de la naturaleza.<\/li>\n<\/ul>\n<ul>\n \t<li><strong>Centro de Derechos Humanos UDP:<\/strong> Entidad que promueve el estudio en derechos humanos y alberga una cl\u00ednica especializada en litigio de inter\u00e9s p\u00fablico y otra en migraci\u00f3n y refugio. El Centro se ha enfocado en el trabajo de visibilizaci\u00f3n de las vulneraciones a los derechos fundamentales y el estudio y an\u00e1lisis sobre respuestas institucionales a dichas vulneraciones.<\/li>\n<\/ul>\n\n<ul>\n \t<li><strong>Observatorio Ciudadano:<\/strong> Es una organizaci\u00f3n no gubernamental sin fines de lucro dedicada a la defensa, promoci\u00f3n y documentaci\u00f3n de derechos humanos. Su trabajo busca contribuir a las transformaciones sociales, culturales e institucionales en Chile y en la regi\u00f3n latinoamericana mediante la promoci\u00f3n de una ciudadan\u00eda activa e intercultural.<\/li>\n<\/ul>\t\t\t\t\t\t\t\t<\/div>\n\t\t\t\t<\/div>\n\t\t\t\t\t<\/div>\n\t\t\t\t<\/div>\n\t\t\t\t<\/div>\n\t\t\t\t\t<\/details>\n\t\t\t\t\t<\/div>\n\t\t\t\t\t\t<\/div>\n\t\t\t\t<\/div>\n\t\t\t\t<\/div>\n\t\t\t\t<\/div>\n\t\t\t\t<\/div>\n\t\t<div id=\"e-n-tab-content-59419062\" role=\"tabpanel\" aria-labelledby=\"e-n-tab-title-59419062\" data-tab-index=\"2\" style=\"--n-tabs-title-order: 2;\" class=\" elementor-element elementor-element-76272c0 e-con-full e-flex e-con e-child\" data-id=\"76272c0\" data-element_type=\"container\" data-e-type=\"container\">\n\t\t<div class=\"elementor-element elementor-element-b61d85a e-con-full e-flex e-con e-child\" data-id=\"b61d85a\" data-element_type=\"container\" data-e-type=\"container\">\n\t\t<div class=\"elementor-element elementor-element-c2a35a5 e-con-full e-flex e-con e-child\" data-id=\"c2a35a5\" data-element_type=\"container\" data-e-type=\"container\">\n\t\t\t\t<div class=\"elementor-element elementor-element-944d5e4 elementor-widget elementor-widget-text-editor\" data-id=\"944d5e4\" data-element_type=\"widget\" data-e-type=\"widget\" data-widget_type=\"text-editor.default\">\n\t\t\t\t<div class=\"elementor-widget-container\">\n\t\t\t\t\t\t\t\t\t<p style=\"text-align: left;\">En <strong>REDAR<\/strong> trabajamos para fortalecer la incidencia de la sociedad civil en materias de derechos humanos dentro del contexto empresarial en Chile. Para ello, <strong>articulamos y fortalecemos organizaciones de la sociedad civil (OSC) y comunidades locales<\/strong>, promoviendo su participaci\u00f3n en la toma de decisiones y en la elaboraci\u00f3n de marcos normativos sobre <strong>Derechos Humanos y Empresas<\/strong>.<\/p><p style=\"text-align: left;\">Nuestra intervenci\u00f3n incluye:<\/p><ul style=\"text-align: left;\"><li><strong><span style=\"color: #008080;\">Capacitaci\u00f3n y formaci\u00f3n de formadores para que m\u00e1s personas y organizaciones puedan desarrollar estrategias efectivas de incidencia, protecci\u00f3n y defensa de los derechos humanos y ambientales.<\/span><\/strong><\/li><li><strong><span style=\"color: #008080;\">Generaci\u00f3n de espacios de di\u00e1logo con tomadores de decisiones, autoridades y otros actores relevantes.<\/span><\/strong><\/li><li><strong><span style=\"color: #008080;\">Impulso del fortalecimiento de la Plataforma Chilena de la Sociedad Civil sobre Derechos Humanos y Empresas, consolid\u00e1ndola como un actor clave en el debate p\u00fablico y en instancias internacionales.<\/span><\/strong><\/li><\/ul><p style=\"text-align: left;\">Tambi\u00e9n elaboramos <strong>recomendaciones y policy papers<\/strong>, fomentamos el di\u00e1logo con autoridades y desarrollamos campa\u00f1as de sensibilizaci\u00f3n para ampliar el conocimiento sobre la relaci\u00f3n entre <strong>empresas y derechos humanos<\/strong>.<\/p>\t\t\t\t\t\t\t\t<\/div>\n\t\t\t\t<\/div>\n\t\t\t\t<\/div>\n\t\t<div class=\"elementor-element elementor-element-8f6c07c e-con-full e-flex e-con e-child\" data-id=\"8f6c07c\" data-element_type=\"container\" data-e-type=\"container\">\n\t\t\t\t<div class=\"elementor-element elementor-element-e406fb8 elementor-widget elementor-widget-image\" data-id=\"e406fb8\" data-element_type=\"widget\" data-e-type=\"widget\" data-widget_type=\"image.default\">\n\t\t\t\t<div class=\"elementor-widget-container\">\n\t\t\t\t\t\t\t\t\t\t\t\t\t\t\t<img decoding=\"async\" width=\"1000\" height=\"533\" src=\"https:\/\/derechoshumanosyempresas.cl\/REDAR\/wp-content\/uploads\/2025\/10\/redar-2025-5.jpg\" class=\"attachment-full size-full wp-image-1356\" alt=\"\" srcset=\"https:\/\/derechoshumanosyempresas.cl\/REDAR\/wp-content\/uploads\/2025\/10\/redar-2025-5.jpg 1000w, https:\/\/derechoshumanosyempresas.cl\/REDAR\/wp-content\/uploads\/2025\/10\/redar-2025-5-300x160.jpg 300w, https:\/\/derechoshumanosyempresas.cl\/REDAR\/wp-content\/uploads\/2025\/10\/redar-2025-5-768x409.jpg 768w, https:\/\/derechoshumanosyempresas.cl\/REDAR\/wp-content\/uploads\/2025\/10\/redar-2025-5-230x123.jpg 230w, https:\/\/derechoshumanosyempresas.cl\/REDAR\/wp-content\/uploads\/2025\/10\/redar-2025-5-350x187.jpg 350w, https:\/\/derechoshumanosyempresas.cl\/REDAR\/wp-content\/uploads\/2025\/10\/redar-2025-5-480x256.jpg 480w\" sizes=\"(max-width: 1000px) 100vw, 1000px\" \/>\t\t\t\t\t\t\t\t\t\t\t\t\t\t\t<\/div>\n\t\t\t\t<\/div>\n\t\t\t\t<\/div>\n\t\t\t\t<\/div>\n\t\t\t\t<\/div>\n\t\t<div id=\"e-n-tab-content-59419063\" role=\"tabpanel\" aria-labelledby=\"e-n-tab-title-59419063\" data-tab-index=\"3\" style=\"--n-tabs-title-order: 3;\" class=\" elementor-element elementor-element-3bb43c7 e-con-full e-flex e-con e-child\" data-id=\"3bb43c7\" data-element_type=\"container\" data-e-type=\"container\">\n\t\t<div class=\"elementor-element elementor-element-1590540 e-flex e-con-boxed e-con e-child\" data-id=\"1590540\" data-element_type=\"container\" data-e-type=\"container\">\n\t\t\t\t\t<div class=\"e-con-inner\">\n\t\t<div class=\"elementor-element elementor-element-696a22b e-con-full e-flex e-con e-child\" data-id=\"696a22b\" data-element_type=\"container\" data-e-type=\"container\">\n\t\t<div class=\"elementor-element elementor-element-7e12989 e-con-full e-flex e-con e-child\" data-id=\"7e12989\" data-element_type=\"container\" data-e-type=\"container\">\n\t\t\t\t<div class=\"elementor-element elementor-element-8cb8a96 elementor-widget elementor-widget-text-editor\" data-id=\"8cb8a96\" data-element_type=\"widget\" data-e-type=\"widget\" data-widget_type=\"text-editor.default\">\n\t\t\t\t<div class=\"elementor-widget-container\">\n\t\t\t\t\t\t\t\t\t<p style=\"text-align: left;\">Nuestra intervenci\u00f3n tiene un foco a nivel nacional, desarroll\u00e1ndose en colaboraci\u00f3n con la Plataforma de la Sociedad Civil sobre Derechos Humanos y Empresas y las distintas organizaciones que la conforman. A su vez, esta acci\u00f3n busca alcanzar un foco importante en ciertas localidades del pa\u00eds que se vean enfrentadas a casos de vulneraciones de derechos humanos en contexto de actividad empresarial. Adicionalmente, las organizaciones que coordinan el proyecto y la Plataforma est\u00e1n en constante coordinaci\u00f3n con espacios regionales e internacionales de Derechos Humanos y Empresas, como el Foro Regional y el Foro Internacional, lo que favorece el intercambio de experiencias y el fortalecimiento de las estrategias de incidencia en espacios de toma de decisi\u00f3n de escala internacional.<\/p>\t\t\t\t\t\t\t\t<\/div>\n\t\t\t\t<\/div>\n\t\t\t\t<\/div>\n\t\t<div class=\"elementor-element elementor-element-6c63752 e-con-full e-flex e-con e-child\" data-id=\"6c63752\" data-element_type=\"container\" data-e-type=\"container\">\n\t\t\t\t<div class=\"elementor-element elementor-element-31401db elementor-widget elementor-widget-image\" data-id=\"31401db\" data-element_type=\"widget\" data-e-type=\"widget\" data-widget_type=\"image.default\">\n\t\t\t\t<div class=\"elementor-widget-container\">\n\t\t\t\t\t\t\t\t\t\t\t\t\t\t\t<img decoding=\"async\" width=\"1000\" height=\"533\" src=\"https:\/\/derechoshumanosyempresas.cl\/REDAR\/wp-content\/uploads\/2025\/10\/redar-2025-3.jpg\" class=\"attachment-full size-full wp-image-1354\" alt=\"\" srcset=\"https:\/\/derechoshumanosyempresas.cl\/REDAR\/wp-content\/uploads\/2025\/10\/redar-2025-3.jpg 1000w, https:\/\/derechoshumanosyempresas.cl\/REDAR\/wp-content\/uploads\/2025\/10\/redar-2025-3-300x160.jpg 300w, https:\/\/derechoshumanosyempresas.cl\/REDAR\/wp-content\/uploads\/2025\/10\/redar-2025-3-768x409.jpg 768w, https:\/\/derechoshumanosyempresas.cl\/REDAR\/wp-content\/uploads\/2025\/10\/redar-2025-3-230x123.jpg 230w, https:\/\/derechoshumanosyempresas.cl\/REDAR\/wp-content\/uploads\/2025\/10\/redar-2025-3-350x187.jpg 350w, https:\/\/derechoshumanosyempresas.cl\/REDAR\/wp-content\/uploads\/2025\/10\/redar-2025-3-480x256.jpg 480w\" sizes=\"(max-width: 1000px) 100vw, 1000px\" \/>\t\t\t\t\t\t\t\t\t\t\t\t\t\t\t<\/div>\n\t\t\t\t<\/div>\n\t\t\t\t<\/div>\n\t\t\t\t<\/div>\n\t\t\t\t\t<\/div>\n\t\t\t\t<\/div>\n\t\t\t\t<\/div>\n\t\t<div id=\"e-n-tab-content-59419064\" role=\"tabpanel\" aria-labelledby=\"e-n-tab-title-59419064\" data-tab-index=\"4\" style=\"--n-tabs-title-order: 4;\" class=\" elementor-element elementor-element-c27842d e-flex e-con-boxed e-con e-child\" data-id=\"c27842d\" data-element_type=\"container\" data-e-type=\"container\">\n\t\t\t\t\t<div class=\"e-con-inner\">\n\t\t<div class=\"elementor-element elementor-element-5de9162 e-con-full e-flex e-con e-child\" data-id=\"5de9162\" data-element_type=\"container\" data-e-type=\"container\">\n\t\t<div class=\"elementor-element elementor-element-b5e16b3 e-con-full e-flex e-con e-child\" data-id=\"b5e16b3\" data-element_type=\"container\" data-e-type=\"container\">\n\t\t\t\t<div class=\"elementor-element elementor-element-4d0316b elementor-widget elementor-widget-text-editor\" data-id=\"4d0316b\" data-element_type=\"widget\" data-e-type=\"widget\" data-widget_type=\"text-editor.default\">\n\t\t\t\t<div class=\"elementor-widget-container\">\n\t\t\t\t\t\t\t\t\t<p style=\"text-align: left;\">Nuestro principal objetivo es mejorar el respeto de los derechos humanos por parte de las empresas en sus actividades, asegurando el cumplimiento y mejor\u00eda de la normativa nacional e internacional. Con ese horizonte, en nuestra intervenci\u00f3n se prioriza la articulaci\u00f3n y fortalecimiento de capacidades de la sociedad civil en el marco institucional de Derechos Humanos y Empresas, bajo el entendido que una mayor participaci\u00f3n en el dise\u00f1o e implementaci\u00f3n de la normativa es un aspecto clave para su cumplimiento y mejora.<\/p><p style=\"text-align: left;\">Como resultado, esperamos una mejora significativa tanto en la cantidad de OSC y comunidades locales involucradas en este tipo de procesos, as\u00ed como un mayor impacto de sus estrategias de incidencia. Lo anterior, permitir\u00e1 asegurar un di\u00e1logo permanente de los tomadores de decisi\u00f3n en la materia, y la sensibilizaci\u00f3n de autoridades y el p\u00fablico general sobre la importancia del respeto de los derechos humanos en el \u00e1mbito empresarial.<\/p>\t\t\t\t\t\t\t\t<\/div>\n\t\t\t\t<\/div>\n\t\t\t\t<\/div>\n\t\t<div class=\"elementor-element elementor-element-b44d05f e-con-full e-flex e-con e-child\" data-id=\"b44d05f\" data-element_type=\"container\" data-e-type=\"container\">\n\t\t\t\t<div class=\"elementor-element elementor-element-274f10d elementor-widget elementor-widget-image\" data-id=\"274f10d\" data-element_type=\"widget\" data-e-type=\"widget\" data-widget_type=\"image.default\">\n\t\t\t\t<div class=\"elementor-widget-container\">\n\t\t\t\t\t\t\t\t\t\t\t\t\t\t\t<img loading=\"lazy\" decoding=\"async\" width=\"1000\" height=\"533\" src=\"https:\/\/derechoshumanosyempresas.cl\/REDAR\/wp-content\/uploads\/2025\/10\/redar-2025-2.jpg\" class=\"attachment-full size-full wp-image-1353\" alt=\"\" srcset=\"https:\/\/derechoshumanosyempresas.cl\/REDAR\/wp-content\/uploads\/2025\/10\/redar-2025-2.jpg 1000w, https:\/\/derechoshumanosyempresas.cl\/REDAR\/wp-content\/uploads\/2025\/10\/redar-2025-2-300x160.jpg 300w, https:\/\/derechoshumanosyempresas.cl\/REDAR\/wp-content\/uploads\/2025\/10\/redar-2025-2-768x409.jpg 768w, https:\/\/derechoshumanosyempresas.cl\/REDAR\/wp-content\/uploads\/2025\/10\/redar-2025-2-230x123.jpg 230w, https:\/\/derechoshumanosyempresas.cl\/REDAR\/wp-content\/uploads\/2025\/10\/redar-2025-2-350x187.jpg 350w, https:\/\/derechoshumanosyempresas.cl\/REDAR\/wp-content\/uploads\/2025\/10\/redar-2025-2-480x256.jpg 480w\" sizes=\"(max-width: 1000px) 100vw, 1000px\" \/>\t\t\t\t\t\t\t\t\t\t\t\t\t\t\t<\/div>\n\t\t\t\t<\/div>\n\t\t\t\t<\/div>\n\t\t\t\t<\/div>\n\t\t\t\t\t<\/div>\n\t\t\t\t<\/div>\n\t\t\t\t\t<\/div>\n\t\t<\/div>\n\t\t\t\t\t\t<\/div>\n\t\t\t\t<\/div>\n\t\t\t\t<\/div>\n\t\t<div class=\"elementor-element elementor-element-a92bbda e-con-full e-flex e-con e-child\" data-id=\"a92bbda\" data-element_type=\"container\" data-e-type=\"container\">\n\t\t<div class=\"elementor-element elementor-element-987c305 e-con-full e-flex e-con e-child\" data-id=\"987c305\" data-element_type=\"container\" data-e-type=\"container\">\n\t\t\t\t<div class=\"elementor-element elementor-element-2620708 elementor-widget elementor-widget-image\" data-id=\"2620708\" data-element_type=\"widget\" data-e-type=\"widget\" data-widget_type=\"image.default\">\n\t\t\t\t<div class=\"elementor-widget-container\">\n\t\t\t\t\t\t\t\t\t\t\t\t\t\t\t<img loading=\"lazy\" decoding=\"async\" width=\"300\" height=\"300\" src=\"https:\/\/derechoshumanosyempresas.cl\/REDAR\/wp-content\/uploads\/2025\/06\/u-europea-2025-redar.jpg\" class=\"attachment-large size-large wp-image-992\" alt=\"\" srcset=\"https:\/\/derechoshumanosyempresas.cl\/REDAR\/wp-content\/uploads\/2025\/06\/u-europea-2025-redar.jpg 300w, https:\/\/derechoshumanosyempresas.cl\/REDAR\/wp-content\/uploads\/2025\/06\/u-europea-2025-redar-150x150.jpg 150w, https:\/\/derechoshumanosyempresas.cl\/REDAR\/wp-content\/uploads\/2025\/06\/u-europea-2025-redar-230x230.jpg 230w\" sizes=\"(max-width: 300px) 100vw, 300px\" \/>\t\t\t\t\t\t\t\t\t\t\t\t\t\t\t<\/div>\n\t\t\t\t<\/div>\n\t\t\t\t<\/div>\n\t\t<div class=\"elementor-element elementor-element-2fba323 e-con-full e-flex e-con e-child\" data-id=\"2fba323\" data-element_type=\"container\" data-e-type=\"container\">\n\t\t\t\t<div class=\"elementor-element elementor-element-5271516 elementor-widget elementor-widget-image\" data-id=\"5271516\" data-element_type=\"widget\" data-e-type=\"widget\" data-widget_type=\"image.default\">\n\t\t\t\t<div class=\"elementor-widget-container\">\n\t\t\t\t\t\t\t\t\t\t\t\t\t\t\t<img loading=\"lazy\" decoding=\"async\" width=\"300\" height=\"300\" src=\"https:\/\/derechoshumanosyempresas.cl\/REDAR\/wp-content\/uploads\/2025\/06\/observatorio-2-2025-redar.jpg\" class=\"attachment-full size-full wp-image-994\" alt=\"\" srcset=\"https:\/\/derechoshumanosyempresas.cl\/REDAR\/wp-content\/uploads\/2025\/06\/observatorio-2-2025-redar.jpg 300w, https:\/\/derechoshumanosyempresas.cl\/REDAR\/wp-content\/uploads\/2025\/06\/observatorio-2-2025-redar-150x150.jpg 150w, https:\/\/derechoshumanosyempresas.cl\/REDAR\/wp-content\/uploads\/2025\/06\/observatorio-2-2025-redar-230x230.jpg 230w\" sizes=\"(max-width: 300px) 100vw, 300px\" \/>\t\t\t\t\t\t\t\t\t\t\t\t\t\t\t<\/div>\n\t\t\t\t<\/div>\n\t\t\t\t<\/div>\n\t\t<div class=\"elementor-element elementor-element-22b9192 e-con-full e-flex e-con e-child\" data-id=\"22b9192\" data-element_type=\"container\" data-e-type=\"container\">\n\t\t\t\t<div class=\"elementor-element elementor-element-fa20515 elementor-widget elementor-widget-image\" data-id=\"fa20515\" data-element_type=\"widget\" data-e-type=\"widget\" data-widget_type=\"image.default\">\n\t\t\t\t<div class=\"elementor-widget-container\">\n\t\t\t\t\t\t\t\t\t\t\t\t\t\t\t<img loading=\"lazy\" decoding=\"async\" width=\"300\" height=\"300\" src=\"https:\/\/derechoshumanosyempresas.cl\/REDAR\/wp-content\/uploads\/2025\/06\/centro-ddhh-2025-redar.jpg\" class=\"attachment-large size-large wp-image-989\" alt=\"\" srcset=\"https:\/\/derechoshumanosyempresas.cl\/REDAR\/wp-content\/uploads\/2025\/06\/centro-ddhh-2025-redar.jpg 300w, https:\/\/derechoshumanosyempresas.cl\/REDAR\/wp-content\/uploads\/2025\/06\/centro-ddhh-2025-redar-150x150.jpg 150w, https:\/\/derechoshumanosyempresas.cl\/REDAR\/wp-content\/uploads\/2025\/06\/centro-ddhh-2025-redar-230x230.jpg 230w\" sizes=\"(max-width: 300px) 100vw, 300px\" \/>\t\t\t\t\t\t\t\t\t\t\t\t\t\t\t<\/div>\n\t\t\t\t<\/div>\n\t\t\t\t<\/div>\n\t\t<div class=\"elementor-element elementor-element-65f38ed e-con-full e-flex e-con e-child\" data-id=\"65f38ed\" data-element_type=\"container\" data-e-type=\"container\">\n\t\t\t\t<div class=\"elementor-element elementor-element-0caa247 elementor-widget elementor-widget-image\" data-id=\"0caa247\" data-element_type=\"widget\" data-e-type=\"widget\" data-widget_type=\"image.default\">\n\t\t\t\t<div class=\"elementor-widget-container\">\n\t\t\t\t\t\t\t\t\t\t\t\t\t\t\t<img loading=\"lazy\" decoding=\"async\" width=\"300\" height=\"300\" src=\"https:\/\/derechoshumanosyempresas.cl\/REDAR\/wp-content\/uploads\/2025\/06\/fima-2-2025-redar.jpg\" class=\"attachment-large size-large wp-image-993\" alt=\"\" srcset=\"https:\/\/derechoshumanosyempresas.cl\/REDAR\/wp-content\/uploads\/2025\/06\/fima-2-2025-redar.jpg 300w, https:\/\/derechoshumanosyempresas.cl\/REDAR\/wp-content\/uploads\/2025\/06\/fima-2-2025-redar-150x150.jpg 150w, https:\/\/derechoshumanosyempresas.cl\/REDAR\/wp-content\/uploads\/2025\/06\/fima-2-2025-redar-230x230.jpg 230w\" sizes=\"(max-width: 300px) 100vw, 300px\" \/>\t\t\t\t\t\t\t\t\t\t\t\t\t\t\t<\/div>\n\t\t\t\t<\/div>\n\t\t\t\t<\/div>\n\t\t\t\t<\/div>\n\t\t<div class=\"elementor-element elementor-element-805227e e-con-full e-flex e-con e-child\" data-id=\"805227e\" data-element_type=\"container\" data-e-type=\"container\">\n\t\t<div class=\"elementor-element elementor-element-cbdaec3 e-con-full e-flex e-con e-child\" data-id=\"cbdaec3\" data-element_type=\"container\" data-e-type=\"container\">\n\t\t\t\t<\/div>\n\t\t<div class=\"elementor-element elementor-element-d626cd3 e-con-full e-flex e-con e-child\" data-id=\"d626cd3\" data-element_type=\"container\" data-e-type=\"container\">\n\t\t\t\t<div class=\"elementor-element elementor-element-2e20585 elementor-widget elementor-widget-image\" data-id=\"2e20585\" data-element_type=\"widget\" data-e-type=\"widget\" data-widget_type=\"image.default\">\n\t\t\t\t<div class=\"elementor-widget-container\">\n\t\t\t\t\t\t\t\t\t\t\t\t\t\t\t<img loading=\"lazy\" decoding=\"async\" width=\"450\" height=\"103\" src=\"https:\/\/derechoshumanosyempresas.cl\/REDAR\/wp-content\/uploads\/2025\/03\/logo02.png\" class=\"attachment-large size-large wp-image-960\" alt=\"\" srcset=\"https:\/\/derechoshumanosyempresas.cl\/REDAR\/wp-content\/uploads\/2025\/03\/logo02.png 450w, https:\/\/derechoshumanosyempresas.cl\/REDAR\/wp-content\/uploads\/2025\/03\/logo02-300x69.png 300w, https:\/\/derechoshumanosyempresas.cl\/REDAR\/wp-content\/uploads\/2025\/03\/logo02-230x53.png 230w, https:\/\/derechoshumanosyempresas.cl\/REDAR\/wp-content\/uploads\/2025\/03\/logo02-350x80.png 350w\" sizes=\"(max-width: 450px) 100vw, 450px\" \/>\t\t\t\t\t\t\t\t\t\t\t\t\t\t\t<\/div>\n\t\t\t\t<\/div>\n\t\t\t\t<\/div>\n\t\t<div class=\"elementor-element elementor-element-0b2cf42 e-con-full e-flex e-con e-child\" data-id=\"0b2cf42\" data-element_type=\"container\" data-e-type=\"container\">\n\t\t\t\t<\/div>\n\t\t\t\t<\/div>\n\t\t\t\t\t<\/div>\n\t\t\t\t<\/div>\n\t\t<div class=\"elementor-element elementor-element-c2723ea elementor-hidden-desktop elementor-hidden-tablet elementor-hidden-mobile e-flex e-con-boxed e-con e-parent\" data-id=\"c2723ea\" data-element_type=\"container\" data-e-type=\"container\" data-settings=\"{&quot;background_background&quot;:&quot;gradient&quot;}\">\n\t\t\t\t\t<div class=\"e-con-inner\">\n\t\t<div class=\"elementor-element elementor-element-06b79f0 e-con-full e-flex e-con e-child\" data-id=\"06b79f0\" data-element_type=\"container\" data-e-type=\"container\">\n\t\t\t\t<div class=\"elementor-element elementor-element-8409aa8 elementor-widget elementor-widget-spacer\" data-id=\"8409aa8\" data-element_type=\"widget\" data-e-type=\"widget\" data-widget_type=\"spacer.default\">\n\t\t\t\t<div class=\"elementor-widget-container\">\n\t\t\t\t\t\t\t<div class=\"elementor-spacer\">\n\t\t\t<div class=\"elementor-spacer-inner\"><\/div>\n\t\t<\/div>\n\t\t\t\t\t\t<\/div>\n\t\t\t\t<\/div>\n\t\t\t\t<\/div>\n\t\t<div class=\"elementor-element elementor-element-c4ac5a8 e-con-full e-flex e-con e-child\" data-id=\"c4ac5a8\" data-element_type=\"container\" data-e-type=\"container\">\n\t\t\t\t<div class=\"elementor-element elementor-element-8840479 e-n-tabs-mobile elementor-widget elementor-widget-n-tabs\" data-id=\"8840479\" data-element_type=\"widget\" data-e-type=\"widget\" data-settings=\"{&quot;tabs_justify_horizontal&quot;:&quot;stretch&quot;,&quot;horizontal_scroll&quot;:&quot;disable&quot;}\" data-widget_type=\"nested-tabs.default\">\n\t\t\t\t<div class=\"elementor-widget-container\">\n\t\t\t\t\t\t\t<div class=\"e-n-tabs\" data-widget-number=\"142869625\" aria-label=\"Pesta\u00f1as. Abre elementos con Intro o Espacio, ci\u00e9rralos con Escape y navega con las fechas.\">\n\t\t\t<div class=\"e-n-tabs-heading\" role=\"tablist\">\n\t\t\t\t\t<button id=\"e-n-tab-title-1428696251\" data-tab-title-id=\"e-n-tab-title-1428696251\" class=\"e-n-tab-title\" aria-selected=\"true\" data-tab-index=\"1\" role=\"tab\" tabindex=\"0\" aria-controls=\"e-n-tab-content-1428696251\" style=\"--n-tabs-title-order: 1;\">\n\t\t\t\t\t\t<span class=\"e-n-tab-title-text\">\n\t\t\t\tQuienes Somos\t\t\t<\/span>\n\t\t<\/button>\n\t\t\t\t<button id=\"e-n-tab-title-1428696252\" data-tab-title-id=\"e-n-tab-title-1428696252\" class=\"e-n-tab-title\" aria-selected=\"false\" data-tab-index=\"2\" role=\"tab\" tabindex=\"-1\" aria-controls=\"e-n-tab-content-1428696252\" style=\"--n-tabs-title-order: 2;\">\n\t\t\t\t\t\t<span class=\"e-n-tab-title-text\">\n\t\t\t\tIncidencia\t\t\t<\/span>\n\t\t<\/button>\n\t\t\t\t<button id=\"e-n-tab-title-1428696253\" data-tab-title-id=\"e-n-tab-title-1428696253\" class=\"e-n-tab-title\" aria-selected=\"false\" data-tab-index=\"3\" role=\"tab\" tabindex=\"-1\" aria-controls=\"e-n-tab-content-1428696253\" style=\"--n-tabs-title-order: 3;\">\n\t\t\t\t\t\t<span class=\"e-n-tab-title-text\">\n\t\t\t\t\u00bfD\u00f3nde es nuestra intervenci\u00f3n?\t\t\t<\/span>\n\t\t<\/button>\n\t\t\t\t<button id=\"e-n-tab-title-1428696254\" data-tab-title-id=\"e-n-tab-title-1428696254\" class=\"e-n-tab-title\" aria-selected=\"false\" data-tab-index=\"4\" role=\"tab\" tabindex=\"-1\" aria-controls=\"e-n-tab-content-1428696254\" style=\"--n-tabs-title-order: 4;\">\n\t\t\t\t\t\t<span class=\"e-n-tab-title-text\">\n\t\t\t\t\u00bfQu\u00e9 esperamos con nuestra intervenci\u00f3n?\t\t\t<\/span>\n\t\t<\/button>\n\t\t\t\t\t<\/div>\n\t\t\t<div class=\"e-n-tabs-content\">\n\t\t\t\t<div id=\"e-n-tab-content-1428696251\" role=\"tabpanel\" aria-labelledby=\"e-n-tab-title-1428696251\" data-tab-index=\"1\" style=\"--n-tabs-title-order: 1;\" class=\"e-active elementor-element elementor-element-6e57984 e-con-full e-flex e-con e-child\" data-id=\"6e57984\" data-element_type=\"container\" data-e-type=\"container\">\n\t\t<div class=\"elementor-element elementor-element-e6521a0 e-con-full e-flex e-con e-child\" data-id=\"e6521a0\" data-element_type=\"container\" data-e-type=\"container\">\n\t\t\t\t<div class=\"elementor-element elementor-element-224a4f5 elementor-widget elementor-widget-text-editor\" data-id=\"224a4f5\" data-element_type=\"widget\" data-e-type=\"widget\" data-widget_type=\"text-editor.default\">\n\t\t\t\t<div class=\"elementor-widget-container\">\n\t\t\t\t\t\t\t\t\t<p style=\"text-align: justify;\">En <strong>REDAR<\/strong> (Respeto Empresarial, Derechos, Ambiente y Responsabilidad) nos dedicamos a fortalecer la defensa de los derechos humanos en el \u00e1mbito empresarial. Somos una iniciativa co-coordinada por <strong>ONG FIMA, Observatorio Ciudadano y el Centro de Derechos Humanos de la UDP<\/strong>, en estrecha colaboraci\u00f3n con la <strong>Plataforma Chilena de Sociedad Civil sobre Derechos Humanos y Empresas<\/strong>. Nuestro objetivo es articular y capacitar a la sociedad civil para que pueda involucrarse activamente en la defensa de los derechos humanos en el contexto de la actividad empresarial en Chile.<\/p><p style=\"text-align: justify;\">Nuestro proyecto es <strong>cofinanciado por la Uni\u00f3n Europea<\/strong>, en el marco de una convocatoria de la <strong>Delegaci\u00f3n de la Uni\u00f3n Europea en Chile<\/strong> para fortalecer la articulaci\u00f3n de la sociedad civil en materia de derechos humanos. En este contexto, buscamos consolidar los espacios existentes de la sociedad civil organizada y fortalecer las capacidades de comunidades locales en la relaci\u00f3n entre <strong>derechos humanos y empresas<\/strong>.<\/p>\t\t\t\t\t\t\t\t<\/div>\n\t\t\t\t<\/div>\n\t\t\t\t<div class=\"elementor-element elementor-element-7d87d57 elementor-widget elementor-widget-image\" data-id=\"7d87d57\" data-element_type=\"widget\" data-e-type=\"widget\" data-widget_type=\"image.default\">\n\t\t\t\t<div class=\"elementor-widget-container\">\n\t\t\t\t\t\t\t\t\t\t\t\t\t\t\t<img loading=\"lazy\" decoding=\"async\" width=\"1024\" height=\"682\" src=\"https:\/\/derechoshumanosyempresas.cl\/REDAR\/wp-content\/uploads\/2025\/03\/Depositphotos_173782490_L-1024x682.jpg\" class=\"attachment-large size-large wp-image-816\" alt=\"\" srcset=\"https:\/\/derechoshumanosyempresas.cl\/REDAR\/wp-content\/uploads\/2025\/03\/Depositphotos_173782490_L-1024x682.jpg 1024w, https:\/\/derechoshumanosyempresas.cl\/REDAR\/wp-content\/uploads\/2025\/03\/Depositphotos_173782490_L-300x200.jpg 300w, https:\/\/derechoshumanosyempresas.cl\/REDAR\/wp-content\/uploads\/2025\/03\/Depositphotos_173782490_L-768x512.jpg 768w, https:\/\/derechoshumanosyempresas.cl\/REDAR\/wp-content\/uploads\/2025\/03\/Depositphotos_173782490_L-1536x1024.jpg 1536w, https:\/\/derechoshumanosyempresas.cl\/REDAR\/wp-content\/uploads\/2025\/03\/Depositphotos_173782490_L-1000x667.jpg 1000w, https:\/\/derechoshumanosyempresas.cl\/REDAR\/wp-content\/uploads\/2025\/03\/Depositphotos_173782490_L-230x153.jpg 230w, https:\/\/derechoshumanosyempresas.cl\/REDAR\/wp-content\/uploads\/2025\/03\/Depositphotos_173782490_L-350x233.jpg 350w, https:\/\/derechoshumanosyempresas.cl\/REDAR\/wp-content\/uploads\/2025\/03\/Depositphotos_173782490_L-480x320.jpg 480w, https:\/\/derechoshumanosyempresas.cl\/REDAR\/wp-content\/uploads\/2025\/03\/Depositphotos_173782490_L.jpg 2000w\" sizes=\"(max-width: 1024px) 100vw, 1024px\" \/>\t\t\t\t\t\t\t\t\t\t\t\t\t\t\t<\/div>\n\t\t\t\t<\/div>\n\t\t\t\t<\/div>\n\t\t<div class=\"elementor-element elementor-element-a05113f e-con-full e-flex e-con e-child\" data-id=\"a05113f\" data-element_type=\"container\" data-e-type=\"container\">\n\t\t\t\t<div class=\"elementor-element elementor-element-2c1b1de elementor-widget elementor-widget-image\" data-id=\"2c1b1de\" data-element_type=\"widget\" data-e-type=\"widget\" data-widget_type=\"image.default\">\n\t\t\t\t<div class=\"elementor-widget-container\">\n\t\t\t\t\t\t\t\t\t\t\t\t\t\t\t<img loading=\"lazy\" decoding=\"async\" width=\"2000\" height=\"1335\" src=\"https:\/\/derechoshumanosyempresas.cl\/REDAR\/wp-content\/uploads\/2025\/03\/Depositphotos_338478214_L.jpg\" class=\"attachment-full size-full wp-image-820\" alt=\"\" srcset=\"https:\/\/derechoshumanosyempresas.cl\/REDAR\/wp-content\/uploads\/2025\/03\/Depositphotos_338478214_L.jpg 2000w, https:\/\/derechoshumanosyempresas.cl\/REDAR\/wp-content\/uploads\/2025\/03\/Depositphotos_338478214_L-300x200.jpg 300w, https:\/\/derechoshumanosyempresas.cl\/REDAR\/wp-content\/uploads\/2025\/03\/Depositphotos_338478214_L-1024x684.jpg 1024w, https:\/\/derechoshumanosyempresas.cl\/REDAR\/wp-content\/uploads\/2025\/03\/Depositphotos_338478214_L-768x513.jpg 768w, https:\/\/derechoshumanosyempresas.cl\/REDAR\/wp-content\/uploads\/2025\/03\/Depositphotos_338478214_L-1536x1025.jpg 1536w, https:\/\/derechoshumanosyempresas.cl\/REDAR\/wp-content\/uploads\/2025\/03\/Depositphotos_338478214_L-1000x668.jpg 1000w, https:\/\/derechoshumanosyempresas.cl\/REDAR\/wp-content\/uploads\/2025\/03\/Depositphotos_338478214_L-230x154.jpg 230w, https:\/\/derechoshumanosyempresas.cl\/REDAR\/wp-content\/uploads\/2025\/03\/Depositphotos_338478214_L-350x234.jpg 350w, https:\/\/derechoshumanosyempresas.cl\/REDAR\/wp-content\/uploads\/2025\/03\/Depositphotos_338478214_L-480x320.jpg 480w\" sizes=\"(max-width: 2000px) 100vw, 2000px\" \/>\t\t\t\t\t\t\t\t\t\t\t\t\t\t\t<\/div>\n\t\t\t\t<\/div>\n\t\t\t\t<div class=\"elementor-element elementor-element-ddd334a elementor-widget elementor-widget-text-editor\" data-id=\"ddd334a\" data-element_type=\"widget\" data-e-type=\"widget\" data-widget_type=\"text-editor.default\">\n\t\t\t\t<div class=\"elementor-widget-container\">\n\t\t\t\t\t\t\t\t\t<p style=\"text-align: justify;\">Las organizaciones que co-coordinamos esta iniciativa tenemos un compromiso claro con la justicia ambiental y los derechos humanos:<\/p><p style=\"text-align: justify;\"><strong>FIMA: <\/strong>es una ONG, sin fines de lucro, fundada en 1998, con el objetivo de ser un aporte significativo a la pol\u00edtica, la legislaci\u00f3n y el acceso a la justicia ambiental en Chile. Su misi\u00f3n es promover activamente el derecho a vivir en un medio ambiente sano y velar por la protecci\u00f3n de la naturaleza.<\/p><p style=\"text-align: justify;\"><strong>Centro de Derechos Humanos UDP: <\/strong>Entidad que promueve el estudio en derechos humanos y alberga una cl\u00ednica especializada en litigio de inter\u00e9s p\u00fablico y otra en migraci\u00f3n y refugio. El Centro se ha enfocado en el trabajo de visibilizaci\u00f3n de las vulneraciones a los derechos fundamentales y el estudio y an\u00e1lisis sobre respuestas institucionales a dichas vulneraciones.<\/p><p style=\"text-align: justify;\"><strong>Observatorio Ciudadano: <\/strong>Es una organizaci\u00f3n no gubernamental sin fines de lucro dedicada a la defensa, promoci\u00f3n y documentaci\u00f3n de derechos humanos. Su trabajo busca contribuir a las transformaciones sociales, culturales e institucionales en Chile y en la regi\u00f3n latinoamericana mediante la promoci\u00f3n de una ciudadan\u00eda activa e intercultural.<\/p>\t\t\t\t\t\t\t\t<\/div>\n\t\t\t\t<\/div>\n\t\t\t\t<\/div>\n\t\t\t\t<\/div>\n\t\t<div id=\"e-n-tab-content-1428696252\" role=\"tabpanel\" aria-labelledby=\"e-n-tab-title-1428696252\" data-tab-index=\"2\" style=\"--n-tabs-title-order: 2;\" class=\" elementor-element elementor-element-92049ac e-con-full e-flex e-con e-child\" data-id=\"92049ac\" data-element_type=\"container\" data-e-type=\"container\">\n\t\t<div class=\"elementor-element elementor-element-a965c7c e-flex e-con-boxed e-con e-child\" data-id=\"a965c7c\" data-element_type=\"container\" data-e-type=\"container\">\n\t\t\t\t\t<div class=\"e-con-inner\">\n\t\t\t\t<div class=\"elementor-element elementor-element-9640595 elementor-widget elementor-widget-text-editor\" data-id=\"9640595\" data-element_type=\"widget\" data-e-type=\"widget\" data-widget_type=\"text-editor.default\">\n\t\t\t\t<div class=\"elementor-widget-container\">\n\t\t\t\t\t\t\t\t\t<p>En <strong>REDAR<\/strong> trabajamos para fortalecer la incidencia de la sociedad civil en materias de derechos humanos dentro del contexto empresarial en Chile. Para ello, <strong>articulamos y fortalecemos organizaciones de la sociedad civil (OSC) y comunidades locales<\/strong>, promoviendo su participaci\u00f3n en la toma de decisiones y en la elaboraci\u00f3n de marcos normativos sobre <strong>Derechos Humanos y Empresas<\/strong>.<\/p><p style=\"text-align: justify;\">Nuestra intervenci\u00f3n incluye:<\/p><ul style=\"text-align: justify;\"><li><strong><span style=\"color: #008080;\">Capacitaci\u00f3n y formaci\u00f3n de formadores para que m\u00e1s personas y organizaciones puedan desarrollar estrategias efectivas de incidencia, protecci\u00f3n y defensa de los derechos humanos y ambientales.<\/span><\/strong><\/li><li><strong><span style=\"color: #008080;\">Generaci\u00f3n de espacios de di\u00e1logo con tomadores de decisiones, autoridades y otros actores relevantes.<\/span><\/strong><\/li><li><strong><span style=\"color: #008080;\">Impulso del fortalecimiento de la Plataforma Chilena de la Sociedad Civil sobre Derechos Humanos y Empresas, consolid\u00e1ndola como un actor clave en el debate p\u00fablico y en instancias internacionales.<\/span><\/strong><\/li><\/ul><p style=\"text-align: justify;\">Tambi\u00e9n elaboramos <strong>recomendaciones y policy papers<\/strong>, fomentamos el di\u00e1logo con autoridades y desarrollamos campa\u00f1as de sensibilizaci\u00f3n para ampliar el conocimiento sobre la relaci\u00f3n entre <strong>empresas y derechos humanos<\/strong>.<\/p>\t\t\t\t\t\t\t\t<\/div>\n\t\t\t\t<\/div>\n\t\t\t\t\t<\/div>\n\t\t\t\t<\/div>\n\t\t\t\t<\/div>\n\t\t<div id=\"e-n-tab-content-1428696253\" role=\"tabpanel\" aria-labelledby=\"e-n-tab-title-1428696253\" data-tab-index=\"3\" style=\"--n-tabs-title-order: 3;\" class=\" elementor-element elementor-element-e21995b e-con-full e-flex e-con e-child\" data-id=\"e21995b\" data-element_type=\"container\" data-e-type=\"container\">\n\t\t<div class=\"elementor-element elementor-element-7519740 e-flex e-con-boxed e-con e-child\" data-id=\"7519740\" data-element_type=\"container\" data-e-type=\"container\">\n\t\t\t\t\t<div class=\"e-con-inner\">\n\t\t\t\t<div class=\"elementor-element elementor-element-4ef5dbb elementor-widget elementor-widget-text-editor\" data-id=\"4ef5dbb\" data-element_type=\"widget\" data-e-type=\"widget\" data-widget_type=\"text-editor.default\">\n\t\t\t\t<div class=\"elementor-widget-container\">\n\t\t\t\t\t\t\t\t\t<p style=\"text-align: justify;\">Nuestra intervenci\u00f3n tiene un foco a nivel nacional, desarroll\u00e1ndose en colaboraci\u00f3n con la Plataforma de la Sociedad Civil sobre Derechos Humanos y Empresas y las distintas organizaciones que la conforman. A su vez, esta acci\u00f3n busca alcanzar un foco importante en ciertas localidades del pa\u00eds que se vean enfrentadas a casos de vulneraciones de derechos humanos en contexto de actividad empresarial. Adicionalmente, las organizaciones que coordinan el proyecto y la Plataforma est\u00e1n en constante coordinaci\u00f3n con espacios regionales e internacionales de Derechos Humanos y Empresas, como el Foro Regional y el Foro Internacional, lo que favorece el intercambio de experiencias y el fortalecimiento de las estrategias de incidencia en espacios de toma de decisi\u00f3n de escala internacional.<\/p>\t\t\t\t\t\t\t\t<\/div>\n\t\t\t\t<\/div>\n\t\t\t\t\t<\/div>\n\t\t\t\t<\/div>\n\t\t\t\t<\/div>\n\t\t<div id=\"e-n-tab-content-1428696254\" role=\"tabpanel\" aria-labelledby=\"e-n-tab-title-1428696254\" data-tab-index=\"4\" style=\"--n-tabs-title-order: 4;\" class=\" elementor-element elementor-element-8b01ef6 e-flex e-con-boxed e-con e-child\" data-id=\"8b01ef6\" data-element_type=\"container\" data-e-type=\"container\">\n\t\t\t\t\t<div class=\"e-con-inner\">\n\t\t<div class=\"elementor-element elementor-element-3c4a45f e-con-full e-flex e-con e-child\" data-id=\"3c4a45f\" data-element_type=\"container\" data-e-type=\"container\">\n\t\t\t\t<div class=\"elementor-element elementor-element-1bb1795 elementor-widget elementor-widget-image\" data-id=\"1bb1795\" data-element_type=\"widget\" data-e-type=\"widget\" data-widget_type=\"image.default\">\n\t\t\t\t<div class=\"elementor-widget-container\">\n\t\t\t\t\t\t\t\t\t\t\t\t\t\t\t<img decoding=\"async\" src=\"https:\/\/derechoshumanosyempresas.cl\/REDAR\/wp-content\/plugins\/elementor\/assets\/images\/placeholder.png\" title=\"\" alt=\"\" loading=\"lazy\" \/>\t\t\t\t\t\t\t\t\t\t\t\t\t\t\t<\/div>\n\t\t\t\t<\/div>\n\t\t\t\t<\/div>\n\t\t<div class=\"elementor-element elementor-element-e8ca4f9 e-con-full e-flex e-con e-child\" data-id=\"e8ca4f9\" data-element_type=\"container\" data-e-type=\"container\">\n\t\t\t\t<div class=\"elementor-element elementor-element-fdd4be1 elementor-widget elementor-widget-text-editor\" data-id=\"fdd4be1\" data-element_type=\"widget\" data-e-type=\"widget\" data-widget_type=\"text-editor.default\">\n\t\t\t\t<div class=\"elementor-widget-container\">\n\t\t\t\t\t\t\t\t\t<p style=\"text-align: justify;\">Nuestro principal objetivo es mejorar el respeto de los derechos humanos por parte de las empresas en sus actividades, asegurando el cumplimiento y mejor\u00eda de la normativa nacional e internacional. Con ese horizonte, en nuestra intervenci\u00f3n se prioriza la articulaci\u00f3n y fortalecimiento de capacidades de la sociedad civil en el marco institucional de Derechos Humanos y Empresas, bajo el entendido que una mayor participaci\u00f3n en el dise\u00f1o e implementaci\u00f3n de la normativa es un aspecto clave para su cumplimiento y mejora.<\/p><p style=\"text-align: justify;\">Como resultado, esperamos una mejora significativa tanto en la cantidad de OSC y comunidades locales involucradas en este tipo de procesos, as\u00ed como un mayor impacto de sus estrategias de incidencia. Lo anterior, permitir\u00e1 asegurar un di\u00e1logo permanente de los tomadores de decisi\u00f3n en la materia, y la sensibilizaci\u00f3n de autoridades y el p\u00fablico general sobre la importancia del respeto de los derechos humanos en el \u00e1mbito empresarial.<\/p>\t\t\t\t\t\t\t\t<\/div>\n\t\t\t\t<\/div>\n\t\t\t\t<\/div>\n\t\t\t\t\t<\/div>\n\t\t\t\t<\/div>\n\t\t\t\t\t<\/div>\n\t\t<\/div>\n\t\t\t\t\t\t<\/div>\n\t\t\t\t<\/div>\n\t\t\t\t<\/div>\n\t\t<div class=\"elementor-element elementor-element-c285f1a e-con-full e-flex e-con e-child\" data-id=\"c285f1a\" data-element_type=\"container\" data-e-type=\"container\">\n\t\t<div class=\"elementor-element elementor-element-9c2edf4 e-con-full e-flex e-con e-child\" data-id=\"9c2edf4\" data-element_type=\"container\" data-e-type=\"container\">\n\t\t\t\t<div class=\"elementor-element elementor-element-f765f95 elementor-widget elementor-widget-image\" data-id=\"f765f95\" data-element_type=\"widget\" data-e-type=\"widget\" data-widget_type=\"image.default\">\n\t\t\t\t<div class=\"elementor-widget-container\">\n\t\t\t\t\t\t\t\t\t\t\t\t\t\t\t<img loading=\"lazy\" decoding=\"async\" width=\"300\" height=\"300\" src=\"https:\/\/derechoshumanosyempresas.cl\/REDAR\/wp-content\/uploads\/2025\/06\/u-europea-2025-redar.jpg\" class=\"attachment-large size-large wp-image-992\" alt=\"\" srcset=\"https:\/\/derechoshumanosyempresas.cl\/REDAR\/wp-content\/uploads\/2025\/06\/u-europea-2025-redar.jpg 300w, https:\/\/derechoshumanosyempresas.cl\/REDAR\/wp-content\/uploads\/2025\/06\/u-europea-2025-redar-150x150.jpg 150w, https:\/\/derechoshumanosyempresas.cl\/REDAR\/wp-content\/uploads\/2025\/06\/u-europea-2025-redar-230x230.jpg 230w\" sizes=\"(max-width: 300px) 100vw, 300px\" \/>\t\t\t\t\t\t\t\t\t\t\t\t\t\t\t<\/div>\n\t\t\t\t<\/div>\n\t\t\t\t<\/div>\n\t\t<div class=\"elementor-element elementor-element-4c81384 e-con-full e-flex e-con e-child\" data-id=\"4c81384\" data-element_type=\"container\" data-e-type=\"container\">\n\t\t\t\t<div class=\"elementor-element elementor-element-686017a elementor-widget elementor-widget-image\" data-id=\"686017a\" data-element_type=\"widget\" data-e-type=\"widget\" data-widget_type=\"image.default\">\n\t\t\t\t<div class=\"elementor-widget-container\">\n\t\t\t\t\t\t\t\t\t\t\t\t\t\t\t<img loading=\"lazy\" decoding=\"async\" width=\"300\" height=\"300\" src=\"https:\/\/derechoshumanosyempresas.cl\/REDAR\/wp-content\/uploads\/2025\/06\/observatorio-2-2025-redar.jpg\" class=\"attachment-full size-full wp-image-994\" alt=\"\" srcset=\"https:\/\/derechoshumanosyempresas.cl\/REDAR\/wp-content\/uploads\/2025\/06\/observatorio-2-2025-redar.jpg 300w, https:\/\/derechoshumanosyempresas.cl\/REDAR\/wp-content\/uploads\/2025\/06\/observatorio-2-2025-redar-150x150.jpg 150w, https:\/\/derechoshumanosyempresas.cl\/REDAR\/wp-content\/uploads\/2025\/06\/observatorio-2-2025-redar-230x230.jpg 230w\" sizes=\"(max-width: 300px) 100vw, 300px\" \/>\t\t\t\t\t\t\t\t\t\t\t\t\t\t\t<\/div>\n\t\t\t\t<\/div>\n\t\t\t\t<\/div>\n\t\t<div class=\"elementor-element elementor-element-9088bf6 e-con-full e-flex e-con e-child\" data-id=\"9088bf6\" data-element_type=\"container\" data-e-type=\"container\">\n\t\t\t\t<div class=\"elementor-element elementor-element-6bb1ad2 elementor-widget elementor-widget-image\" data-id=\"6bb1ad2\" data-element_type=\"widget\" data-e-type=\"widget\" data-widget_type=\"image.default\">\n\t\t\t\t<div class=\"elementor-widget-container\">\n\t\t\t\t\t\t\t\t\t\t\t\t\t\t\t<img loading=\"lazy\" decoding=\"async\" width=\"300\" height=\"300\" src=\"https:\/\/derechoshumanosyempresas.cl\/REDAR\/wp-content\/uploads\/2025\/06\/centro-ddhh-2025-redar.jpg\" class=\"attachment-large size-large wp-image-989\" alt=\"\" srcset=\"https:\/\/derechoshumanosyempresas.cl\/REDAR\/wp-content\/uploads\/2025\/06\/centro-ddhh-2025-redar.jpg 300w, https:\/\/derechoshumanosyempresas.cl\/REDAR\/wp-content\/uploads\/2025\/06\/centro-ddhh-2025-redar-150x150.jpg 150w, https:\/\/derechoshumanosyempresas.cl\/REDAR\/wp-content\/uploads\/2025\/06\/centro-ddhh-2025-redar-230x230.jpg 230w\" sizes=\"(max-width: 300px) 100vw, 300px\" \/>\t\t\t\t\t\t\t\t\t\t\t\t\t\t\t<\/div>\n\t\t\t\t<\/div>\n\t\t\t\t<\/div>\n\t\t<div class=\"elementor-element elementor-element-63f4533 e-con-full e-flex e-con e-child\" data-id=\"63f4533\" data-element_type=\"container\" data-e-type=\"container\">\n\t\t\t\t<div class=\"elementor-element elementor-element-28997e4 elementor-widget elementor-widget-image\" data-id=\"28997e4\" data-element_type=\"widget\" data-e-type=\"widget\" data-widget_type=\"image.default\">\n\t\t\t\t<div class=\"elementor-widget-container\">\n\t\t\t\t\t\t\t\t\t\t\t\t\t\t\t<img loading=\"lazy\" decoding=\"async\" width=\"300\" height=\"300\" src=\"https:\/\/derechoshumanosyempresas.cl\/REDAR\/wp-content\/uploads\/2025\/06\/fima-2-2025-redar.jpg\" class=\"attachment-large size-large wp-image-993\" alt=\"\" srcset=\"https:\/\/derechoshumanosyempresas.cl\/REDAR\/wp-content\/uploads\/2025\/06\/fima-2-2025-redar.jpg 300w, https:\/\/derechoshumanosyempresas.cl\/REDAR\/wp-content\/uploads\/2025\/06\/fima-2-2025-redar-150x150.jpg 150w, https:\/\/derechoshumanosyempresas.cl\/REDAR\/wp-content\/uploads\/2025\/06\/fima-2-2025-redar-230x230.jpg 230w\" sizes=\"(max-width: 300px) 100vw, 300px\" \/>\t\t\t\t\t\t\t\t\t\t\t\t\t\t\t<\/div>\n\t\t\t\t<\/div>\n\t\t\t\t<\/div>\n\t\t\t\t<\/div>\n\t\t<div class=\"elementor-element elementor-element-1387ecb e-con-full e-flex e-con e-child\" data-id=\"1387ecb\" data-element_type=\"container\" data-e-type=\"container\">\n\t\t<div class=\"elementor-element elementor-element-3c54cc0 e-con-full e-flex e-con e-child\" data-id=\"3c54cc0\" data-element_type=\"container\" data-e-type=\"container\">\n\t\t\t\t<\/div>\n\t\t<div class=\"elementor-element elementor-element-fe22dfa e-con-full e-flex e-con e-child\" data-id=\"fe22dfa\" data-element_type=\"container\" data-e-type=\"container\">\n\t\t\t\t<div class=\"elementor-element elementor-element-93c4a8a elementor-widget elementor-widget-image\" data-id=\"93c4a8a\" data-element_type=\"widget\" data-e-type=\"widget\" data-widget_type=\"image.default\">\n\t\t\t\t<div class=\"elementor-widget-container\">\n\t\t\t\t\t\t\t\t\t\t\t\t\t\t\t<img loading=\"lazy\" decoding=\"async\" width=\"450\" height=\"103\" src=\"https:\/\/derechoshumanosyempresas.cl\/REDAR\/wp-content\/uploads\/2025\/03\/logo02.png\" class=\"attachment-large size-large wp-image-960\" alt=\"\" srcset=\"https:\/\/derechoshumanosyempresas.cl\/REDAR\/wp-content\/uploads\/2025\/03\/logo02.png 450w, https:\/\/derechoshumanosyempresas.cl\/REDAR\/wp-content\/uploads\/2025\/03\/logo02-300x69.png 300w, https:\/\/derechoshumanosyempresas.cl\/REDAR\/wp-content\/uploads\/2025\/03\/logo02-230x53.png 230w, https:\/\/derechoshumanosyempresas.cl\/REDAR\/wp-content\/uploads\/2025\/03\/logo02-350x80.png 350w\" sizes=\"(max-width: 450px) 100vw, 450px\" \/>\t\t\t\t\t\t\t\t\t\t\t\t\t\t\t<\/div>\n\t\t\t\t<\/div>\n\t\t\t\t<\/div>\n\t\t<div class=\"elementor-element elementor-element-9ec8d3e e-con-full e-flex e-con e-child\" data-id=\"9ec8d3e\" data-element_type=\"container\" data-e-type=\"container\">\n\t\t\t\t<\/div>\n\t\t\t\t<\/div>\n\t\t\t\t\t<\/div>\n\t\t\t\t<\/div>\n\t\t\t\t<\/div>\n\t\t","protected":false},"excerpt":{"rendered":"<p>Respeto Empresarial, Derechos, Ambiente y Responsabilidad Somos una iniciativa co-coordinada por ONG FIMA, Observatorio Ciudadano y el Centro de Derechos Humanos de [&hellip;]<\/p>\n","protected":false},"author":1,"featured_media":0,"parent":0,"menu_order":0,"comment_status":"closed","ping_status":"closed","template":"page-templates\/page_front-page.php","meta":{"footnotes":""},"class_list":["post-741","page","type-page","status-publish","hentry"],"_links":{"self":[{"href":"https:\/\/derechoshumanosyempresas.cl\/REDAR\/wp-json\/wp\/v2\/pages\/741","targetHints":{"allow":["GET"]}}],"collection":[{"href":"https:\/\/derechoshumanosyempresas.cl\/REDAR\/wp-json\/wp\/v2\/pages"}],"about":[{"href":"https:\/\/derechoshumanosyempresas.cl\/REDAR\/wp-json\/wp\/v2\/types\/page"}],"author":[{"embeddable":true,"href":"https:\/\/derechoshumanosyempresas.cl\/REDAR\/wp-json\/wp\/v2\/users\/1"}],"replies":[{"embeddable":true,"href":"https:\/\/derechoshumanosyempresas.cl\/REDAR\/wp-json\/wp\/v2\/comments?post=741"}],"version-history":[{"count":315,"href":"https:\/\/derechoshumanosyempresas.cl\/REDAR\/wp-json\/wp\/v2\/pages\/741\/revisions"}],"predecessor-version":[{"id":1368,"href":"https:\/\/derechoshumanosyempresas.cl\/REDAR\/wp-json\/wp\/v2\/pages\/741\/revisions\/1368"}],"wp:attachment":[{"href":"https:\/\/derechoshumanosyempresas.cl\/REDAR\/wp-json\/wp\/v2\/media?parent=741"}],"curies":[{"name":"wp","href":"https:\/\/api.w.org\/{rel}","templated":true}]}}